{"id":6049,"date":"2025-01-16T20:23:03","date_gmt":"2025-01-16T19:23:03","guid":{"rendered":"https:\/?page_id=6049"},"modified":"2026-04-12T20:28:12","modified_gmt":"2026-04-12T18:28:12","slug":"casa-modular-alexandra-90","status":"publish","type":"page","link":"https:\/\/amprefabricadas.com\/ca\/modulars\/alexandra-90\/","title":{"rendered":"Casa modular Alexandra 90"},"content":{"rendered":"<h1>Detalls <strong>t\u00e8cnics<\/strong><\/h1>\n<h2>Alexandra 90<\/h2>\n<h2>156.800,00 \u20ac <span class=\"text-iva\">+ IVA<\/span><\/h2>\n<div>\n<p>1.742,22 \u20ac \/ m\u00b2<\/p>\n<\/div>\n<div>\n<p>*Preu acabats parcials sense IVA establert per a un radi de 50 km de Barcelona.<\/p>\n<\/div>\n<div>\n<p>La casa modular Alexandra s&#8217;ha dissenyat per aprofitar cada rac\u00f3, no es perd espai als passadissos. Est\u00e0 distribu\u00efda en una sola planta, amb 3 habitacions i 2 banys. L\u00b4habitaci\u00f3 de matrimoni \u00e9s suite. T\u00e9 un espai totalment obert on disposa d&#8217;un sal\u00f3-menjador amb uns bons finestrals que donen al jard\u00ed, i una cuina amb illa for\u00e7a espaiosa. Ideal per a una parella o una fam\u00edlia.<\/p>\n<\/div>\n<ul>\n<li>\n<p>        <img decoding=\"async\" src=\"\/wp-content\/uploads\/2024\/08\/plantas.webp\" alt=\"\"><\/p>\n<h3>Total<\/h3>\n<div>\n<p>1<\/p>\n<\/div>\n<\/li>\n<li>\n<p>        <img decoding=\"async\" src=\"\/wp-content\/uploads\/2024\/08\/plantas.webp\" alt=\"\"><\/p>\n<h3>Baixa<\/h3>\n<div>\n<p>90<\/p>\n<\/div>\n<\/li>\n<li>\n<p>        <img decoding=\"async\" src=\"\/wp-content\/uploads\/2024\/08\/plantas.webp\" alt=\"\"><\/p>\n<h3>Primera<\/h3>\n<div>\n<p>0<\/p>\n<\/div>\n<\/li>\n<li>\n<p>        <img decoding=\"async\" src=\"\/wp-content\/uploads\/2024\/07\/cubo-3.webp\" alt=\"\"><\/p>\n<h3>\u00datils<\/h3>\n<div>\n<p>73,52<\/p>\n<\/div>\n<\/li>\n<\/ul>\n<ul>\n<li>\n<p>        <img decoding=\"async\" src=\"\/wp-content\/uploads\/2024\/07\/n-personas.webp\" alt=\"\"><\/p>\n<h3>Persones<\/h3>\n<div>\n<p>3-4<\/p>\n<\/div>\n<\/li>\n<li>\n<p>        <img decoding=\"async\" src=\"\/wp-content\/uploads\/2024\/07\/habitaciones-3.webp\" alt=\"\"><\/p>\n<h3>Habs<\/h3>\n<div>\n<p>3<\/p>\n<\/div>\n<\/li>\n<li>\n<p>        <img decoding=\"async\" src=\"\/wp-content\/uploads\/2024\/07\/banos-3.webp\" alt=\"\"><\/p>\n<h3>Banys<\/h3>\n<div>\n<p>2<\/p>\n<\/div>\n<\/li>\n<li>\n<p>        <img decoding=\"async\" src=\"\/wp-content\/uploads\/2024\/07\/cubo-3.webp\" alt=\"\"><\/p>\n<h3>Ocup<\/h3>\n<div>\n<p>90<\/p>\n<\/div>\n<\/li>\n<\/ul>\n<p><p>\n        <a href=\"https:\/\/drive.google.com\/file\/d\/1wKxtzSL32s4RME-Mnlf-uSnZueY0ChVT\/view?usp=drive_link\" target=\"_blank\" rel=\"noopener\">Veure pl\u00e0nol distribuci\u00f3 .pdf<\/a>\n    <\/p>\n<\/p>\n<ul>\n<li>\n<p>        <img decoding=\"async\" src=\"\/wp-content\/uploads\/2025\/01\/casa-modular-alexandra90-5.webp\" alt=\"\"><\/p>\n<\/li>\n<li>\n<p>        <img decoding=\"async\" src=\"\/wp-content\/uploads\/2025\/01\/casa-modular-alexandra90-4.webp\" alt=\"\"><\/p>\n<\/li>\n<li>\n<p>        <img decoding=\"async\" src=\"\/wp-content\/uploads\/2025\/01\/casa-modular-alexandra90-3.webp\" alt=\"\"><\/p>\n<\/li>\n<li>\n<p>        <img decoding=\"async\" src=\"\/wp-content\/uploads\/2025\/01\/casa-modular-alexandra90-2.webp\" alt=\"\"><\/p>\n<\/li>\n<li>\n<p>        <img decoding=\"async\" src=\"\/wp-content\/uploads\/2025\/01\/casa-modular-alexandra90-1.webp\" alt=\"\"><\/p>\n<\/li>\n<\/ul>\n<h2>Alexandra 90<\/h2>\n<h2>156.800,00 \u20ac <span class=\"text-iva\">+ IVA<\/span><\/h2>\n<div>\n<p>1.742,22 \u20ac \/ m\u00b2<\/p>\n<\/div>\n<div>\n<p>*Preu acabats parcials sense IVA establert per a un radi de 50 km de Barcelona.<\/p>\n<\/div>\n<div>\n<p>La casa modular Alexandra s&#8217;ha dissenyat per aprofitar cada rac\u00f3, no es perd espai als passadissos. Est\u00e0 distribu\u00efda en una sola planta, amb 3 habitacions i 2 banys. L\u00b4habitaci\u00f3 de matrimoni \u00e9s suite. T\u00e9 un espai totalment obert on disposa d&#8217;un sal\u00f3-menjador amb uns bons finestrals que donen al jard\u00ed, i una cuina amb illa for\u00e7a espaiosa. Ideal per a una parella o una fam\u00edlia.<\/p>\n<\/div>\n<ul>\n<li>\n<p>        <img decoding=\"async\" src=\"\/wp-content\/uploads\/2024\/08\/plantas.webp\" alt=\"\"><\/p>\n<h3>Total<\/h3>\n<div>\n<p>1<\/p>\n<\/div>\n<\/li>\n<li>\n<p>        <img decoding=\"async\" src=\"\/wp-content\/uploads\/2024\/08\/plantas.webp\" alt=\"\"><\/p>\n<h3>Baixa<\/h3>\n<div>\n<p>90<\/p>\n<\/div>\n<\/li>\n<li>\n<p>        <img decoding=\"async\" src=\"\/wp-content\/uploads\/2024\/08\/plantas.webp\" alt=\"\"><\/p>\n<h3>Primera<\/h3>\n<div>\n<p>0<\/p>\n<\/div>\n<\/li>\n<li>\n<p>        <img decoding=\"async\" src=\"\/wp-content\/uploads\/2024\/07\/cubo-3.webp\" alt=\"\"><\/p>\n<h3>\u00datils<\/h3>\n<div>\n<p>73,52<\/p>\n<\/div>\n<\/li>\n<\/ul>\n<ul>\n<li>\n<p>        <img decoding=\"async\" src=\"\/wp-content\/uploads\/2024\/07\/n-personas.webp\" alt=\"\"><\/p>\n<h3>Persones<\/h3>\n<div>\n<p>3-4<\/p>\n<\/div>\n<\/li>\n<li>\n<p>        <img decoding=\"async\" src=\"\/wp-content\/uploads\/2024\/07\/habitaciones-3.webp\" alt=\"\"><\/p>\n<h3>Habs<\/h3>\n<div>\n<p>3<\/p>\n<\/div>\n<\/li>\n<li>\n<p>        <img decoding=\"async\" src=\"\/wp-content\/uploads\/2024\/07\/banos-3.webp\" alt=\"\"><\/p>\n<h3>Banys<\/h3>\n<div>\n<p>2<\/p>\n<\/div>\n<\/li>\n<li>\n<p>        <img decoding=\"async\" src=\"\/wp-content\/uploads\/2024\/07\/cubo-3.webp\" alt=\"\"><\/p>\n<h3>Ocup<\/h3>\n<div>\n<p>90<\/p>\n<\/div>\n<\/li>\n<\/ul>\n<p><p>\n        <a href=\"https:\/\/drive.google.com\/file\/d\/1wKxtzSL32s4RME-Mnlf-uSnZueY0ChVT\/view?usp=drive_link\" target=\"_blank\" rel=\"noopener\">Veure pl\u00e0nol distribuci\u00f3 .pdf<\/a>\n    <\/p>\n<\/p>\n<h1>Modalitats de <strong>construcci\u00f3<\/strong> i\u00a0<strong>preus<\/strong><\/h1>\n<p><img decoding=\"async\" src=\"\/wp-content\/uploads\/2024\/10\/acabados-parciales.webp\" alt=\"\"><\/p>\n<div>\n<p><strong>Acabats parcials<\/strong> <br \/>a qualsevol punt d&#8217;Espanya (1) (2)<\/p>\n<\/div>\n<div>\n<p>Per a particulars que tinguin capacitat per fer acabats finals pel seu compte i tinguin la fonamentaci\u00f3 acabada.<\/p>\n<\/div>\n<h1><span class=\"text-iva\"><b>A consultar<\/b><\/span><\/h1>\n<div>\n<p>Preu amb acabats parcials establert per a un radi de 50 km de Barcelona.<\/p>\n<\/div>\n<div>\n<h3>El precio incluye<\/h3>\n<\/div>\n<div>\n<p>(I) Illes Balears a consultar.<br \/>(II) Illes Can\u00e0ries, Ceuta i Melilla no prestem serveis.<\/p>\n<\/div>\n<p><img decoding=\"async\" src=\"\/wp-content\/uploads\/2024\/10\/llave-en-mano-black.webp\" alt=\"\"><\/p>\n<div>\n<p><strong>Clau en m\u00e0<\/strong><br \/>amb AM Prefabricadas<\/p>\n<\/div>\n<div>\n<p>Per a particulars que vulguin un habitatge clau en m\u00e0 totalment llest per entrar a viure.<\/p>\n<\/div>\n<h1><strong>156.800,00 \u20ac <span class=\"text-iva\">+IVA<\/span><\/strong><\/h1>\n<div>\n<p>Preu clau en m\u00e0 establert per a un radi de 50 km de Barcelona.<\/p>\n<\/div>\n<div>\n<h3>El preu inclou<\/h3>\n<div>\n<p>89,59 m\u00b2 de superf\u00edcie constru\u00efda amb estructura d&#8217;entramat lleuger de fusta, segons els pl\u00e0nols adjunts. Les c\u00e0rregues estan distribu\u00efdes per permetre el seu assentament sobre una fonamentaci\u00f3 de pilons o un altre tipus de fonamentaci\u00f3.<\/p>\n<ul>\n<li>Teulada impermeabilitzada amb l\u00e0mina EPDM.<\/li>\n<li>Coronaci\u00f3 de parapets amb xapa (color a escollir).<\/li>\n<li>Fa\u00e7ana ventilada acabada amb diferents opcions: amb plaques de fibrociment de la marca NICHIHA, que garanteix zero manteniment, fusta termo tractada o xapa grecada. Es poden combinar els diferents materials per aconseguir un disseny \u00fanic i personalitzat. (color a escollir)<\/li>\n<li>Fusteria exterior de PVC amb acabat gris antracita a l&#8217;exterior i blanc a l&#8217;interior, equipada amb doble vidre.<\/li>\n<li>Abocaaig\u00fces fabricades en xapa (color a escollir).<\/li>\n<li>Baixants pluvials vistos, fabricats en xapa de color antracita.<\/li>\n<\/ul>\n<p><strong>INTERIOR:<\/strong><\/p>\n<ul>\n<li>Fals sostre acabat en guix laminat, pintat de color blanc.<\/li>\n<li>Parets acabats en guix laminat RF, pintat en blanc.<\/li>\n<li>Paret de c\u00e0rrega (vista des del menjador), acabada amb taules de fusta termo tractada (tonalitat a escollir).<\/li>\n<li>Terra de la casa (inclosos els banys) acabat amb taulons de vinil SPC (imitaci\u00f3 fusta), resistents a l&#8217;aigua i a les ratllades (Model per definir).<\/li>\n<li>S\u00f2cols de PVC m\u00e9s resistents de color blanc.<\/li>\n<li>Portes semimacisses lacades de color blanc.<\/li>\n<li>Instal\u00b7laci\u00f3 completa de la xarxa el\u00e8ctrica, conforme al projecte.<\/li>\n<li>Instal\u00b7laci\u00f3 completa de la xarxa d&#8217;aigua, conforme al projecte.<\/li>\n<li>Instal\u00b7laci\u00f3 completa de la xarxa de telecomunicacions, d&#8217;acord amb el projecte.<\/li>\n<li>Instal\u00b7laci\u00f3 d&#8217;il\u00b7luminaci\u00f3 tipus ulls de bou de color blanc, segons el projecte.<\/li>\n<li>Instal\u00b7laci\u00f3 de porter autom\u00e0tic o videoporter.<\/li>\n<li>Preinstal\u00b7laci\u00f3 de plaques fotovoltaiques (inclou tub corrugat des de la teulada fins al quadre el\u00e8ctric).<\/li>\n<li>Aire condicionat amb bomba de calor, instal\u00b7lat amb sistema split en 3 estances.<\/li>\n<li>Recuperadors de calor descentralitzats instal\u00b7lats en 3 estances.<\/li>\n<li>Bomba de calor amb tecnologia d&#8217;aerot\u00e8rmia per a ACS de 110-150 litres.<\/li>\n<\/ul>\n<p><strong>BANYS:<\/strong><\/p>\n<ul>\n<li>Parets de banys revestits amb panells 100% impermeables de la marca FIBO (color i model a escollir).<\/li>\n<li>Plat de dutxa de resina de color blanc.<\/li>\n<li>Mampares corredisses cromades, instal\u00b7lades als dos banys.<\/li>\n<li>Columnes de dutxa marca FOSSIL NATURA, model BAVARO.<\/li>\n<li>Aixetes de lavabos marca FOSSIL NATURA, model FLAT.<\/li>\n<li>Inodors marca FOSSIL NATURA, model FLOR\u00c8NCIA.<\/li>\n<li>Mobles de bany suspesos, amb 2 calaixos, de color blanc. Mides: 60 cm i 100 cm.<\/li>\n<li>Miralls rodons, t\u00e0ctils, amb llum LED, de 60 cm de di\u00e0metre.<\/li>\n<\/ul>\n<p><strong>CUINA:<\/strong><\/p>\n<ul>\n<li>Instal\u00b7laci\u00f3 el\u00e8ctrica i d&#8217;aigua, conforme al projecte.<\/li>\n<li>Instal\u00b7laci\u00f3 del tub extractor d&#8217;inox amb barret antitornament amb campana integrada inclosa.<\/li>\n<li>Mobiliari de cuina incl\u00f2s conforme al projecte.<\/li>\n<li>Electrodom\u00e8stics no inclosos.<\/li>\n<\/ul>\n<p><strong>A PART S&#8217;HA DE VALORAR:<\/strong><\/p>\n<ul>\n<li>Serveis d&#8217;arquitecte i arquitecte t\u00e8cnic (opci\u00f3 de pack de serveis d&#8217;arquitectura i arquitecte t\u00e8cnic).<\/li>\n<li>Moviments de terra.<\/li>\n<li>Escomeses.<\/li>\n<li>Fonamentaci\u00f3 (recomanable pilons).<\/li>\n<\/ul>\n<\/div>\n<\/div>\n<div>\n<p>(I) Illes Balears a consultar.<br \/>(II) Illes Can\u00e0ries, Ceuta i Melilla no prestem serveis.<\/p>\n<\/div>\n<p><img decoding=\"async\" src=\"\/wp-content\/uploads\/2024\/10\/llave-en-mano-white.webp\" alt=\"\"><\/p>\n<div>\n<p><strong>Clau en m\u00e0 personalitzable<\/strong><br \/>amb AM Prefabricadas<\/p>\n<\/div>\n<div>\n<p>Habitatge clau en m\u00e0, amb la flexibilitat d\u2019escollir i gestionar els acabats interiors.<\/p>\n<\/div>\n<h1><strong>Pressupost a mida<\/strong><\/h1>\n<div>\n<p>Executem estructura i instal\u00b7lacions.<br \/>Tu decideixes els acabats.<\/p>\n<\/div>\n<div>\n<h3>Qu\u00e8 inclou?<\/h3>\n<div>\n<p>89,59 m\u00b2 de superf\u00edcie constru\u00efda amb estructura d&#8217;entramat lleuger de fusta, segons els pl\u00e0nols adjunts. Les c\u00e0rregues estan distribu\u00efdes per permetre el seu assentament sobre una fonamentaci\u00f3 de pilons o un altre tipus de fonamentaci\u00f3.<\/p>\n<p><span>Materials i acabats a escollir pel client. Possibilitat de subministrament i instal\u00b7laci\u00f3 per\u00a0<\/span><strong>AM Prefabricadas<\/strong><span>\u00a0o execuci\u00f3 pr\u00f2pia.<\/span><\/p>\n<ul>\n<li>Teulada impermeabilitzada amb l\u00e0mina EPDM.<\/li>\n<li>Coronaci\u00f3 de parapets amb xapa (color a escollir).<\/li>\n<li>Fa\u00e7ana ventilada acabada amb diferents opcions: amb plaques de fibrociment de la marca NICHIHA, que garanteix zero manteniment, fusta termo tractada o xapa grecada. Es poden combinar els diferents materials per aconseguir un disseny \u00fanic i personalitzat. (color a escollir)<\/li>\n<li>Fusteria exterior de PVC amb acabat gris antracita a l&#8217;exterior i blanc a l&#8217;interior, equipada amb doble vidre.<\/li>\n<li>Abocaaig\u00fces fabricades en xapa (color a escollir).<\/li>\n<li>Baixants pluvials vistos, fabricats en xapa de color antracita.<\/li>\n<\/ul>\n<p><strong>INTERIOR:<\/strong><\/p>\n<ul>\n<li>Fals sostre acabat en guix laminat, pintat de color blanc.<\/li>\n<li>Parets acabats en guix laminat RF, pintat en blanc.<\/li>\n<li>Paret de c\u00e0rrega (vista des del menjador), acabada amb taules de fusta termo tractada (tonalitat a escollir).<\/li>\n<li>Terra de la casa (inclosos els banys) acabat amb taulons de vinil SPC (imitaci\u00f3 fusta), resistents a l&#8217;aigua i a les ratllades (Model per definir).<\/li>\n<li>S\u00f2cols de PVC m\u00e9s resistents de color blanc.<\/li>\n<li>Portes semimacisses lacades de color blanc.<\/li>\n<li>Instal\u00b7laci\u00f3 completa de la xarxa el\u00e8ctrica, conforme al projecte.<\/li>\n<li>Instal\u00b7laci\u00f3 completa de la xarxa d&#8217;aigua, conforme al projecte.<\/li>\n<li>Instal\u00b7laci\u00f3 completa de la xarxa de telecomunicacions, d&#8217;acord amb el projecte.<\/li>\n<li>Instal\u00b7laci\u00f3 d&#8217;il\u00b7luminaci\u00f3 tipus ulls de bou de color blanc, segons el projecte.<\/li>\n<li>Instal\u00b7laci\u00f3 de porter autom\u00e0tic o videoporter.<\/li>\n<li>Preinstal\u00b7laci\u00f3 de plaques fotovoltaiques (inclou tub corrugat des de la teulada fins al quadre el\u00e8ctric).<\/li>\n<li>Aire condicionat amb bomba de calor, instal\u00b7lat amb sistema split en 3 estances.<\/li>\n<li>Recuperadors de calor descentralitzats instal\u00b7lats en 3 estances.<\/li>\n<li>Bomba de calor amb tecnologia d&#8217;aerot\u00e8rmia per a ACS de 110-150 litres.<\/li>\n<\/ul>\n<p><strong>BANYS:<\/strong><\/p>\n<ul>\n<li>Parets de banys revestits amb panells 100% impermeables de la marca FIBO (color i model a escollir).<\/li>\n<li>Plat de dutxa de resina de color blanc.<\/li>\n<li>Mampares corredisses cromades, instal\u00b7lades als dos banys.<\/li>\n<li>Columnes de dutxa marca FOSSIL NATURA, model BAVARO.<\/li>\n<li>Aixetes de lavabos marca FOSSIL NATURA, model FLAT.<\/li>\n<li>Inodors marca FOSSIL NATURA, model FLOR\u00c8NCIA.<\/li>\n<li>Mobles de bany suspesos, amb 2 calaixos, de color blanc. Mides: 60 cm i 100 cm.<\/li>\n<li>Miralls rodons, t\u00e0ctils, amb llum LED, de 60 cm de di\u00e0metre.<\/li>\n<\/ul>\n<p><strong>CUINA:<\/strong><\/p>\n<ul>\n<li>Instal\u00b7laci\u00f3 el\u00e8ctrica i d&#8217;aigua, conforme al projecte.<\/li>\n<li>Instal\u00b7laci\u00f3 del tub extractor d&#8217;inox amb barret antitornament amb campana integrada inclosa.<\/li>\n<li>Mobiliari de cuina incl\u00f2s conforme al projecte.<\/li>\n<li>Electrodom\u00e8stics no inclosos.<\/li>\n<\/ul>\n<p><span>Les partides no executades per\u00a0<\/span><strong>AM Prefabricadas<\/strong><span>\u00a0seran responsabilitat del client.<\/span><\/p>\n<p><strong>A PART S&#8217;HA DE VALORAR:<\/strong><\/p>\n<ul>\n<li>Serveis d&#8217;arquitecte i arquitecte t\u00e8cnic (opci\u00f3 de pack de serveis d&#8217;arquitectura i arquitecte t\u00e8cnic).<\/li>\n<li>Moviments de terra.<\/li>\n<li>Escomeses.<\/li>\n<li>Fonamentaci\u00f3 (recomanable pilons).<\/li>\n<\/ul>\n<\/div>\n<\/div>\n<div>\n<p>(I) Illes Balears a consultar.<br \/>(II) Illes Can\u00e0ries, Ceuta i Melilla no prestem serveis.<\/p>\n<\/div>\n<h2>Informaci\u00f3 <strong>important<\/strong><\/h2>\n<div>\n<p>El preu mostrat correspon \u00fanicament a la construcci\u00f3 de l\u2019habitatge.<br \/>Hi ha treballs addicionals (arquitectura, moviments de terres, escomeses, fonamentaci\u00f3 i llic\u00e8ncies municipals) que es valoren en funci\u00f3 de cada parcel\u00b7la.<\/p>\n<\/div>\n<p><p>\n        <a href=\"\/ca\/treballs-addicionals\/\">Informaci\u00f3 sobre treballs addicionals<\/a>\n    <\/p>\n<\/p>\n<p><!--more--><br \/>\n<!-- {\"type\":\"layout\",\"children\":[{\"type\":\"section\",\"props\":{\"image_position\":\"center-center\",\"style\":\"default\",\"title_breakpoint\":\"xl\",\"title_position\":\"top-left\",\"title_rotation\":\"left\",\"vertical_align\":\"middle\",\"width\":\"default\"},\"children\":[{\"type\":\"row\",\"children\":[{\"type\":\"column\",\"props\":{\"image_position\":\"center-center\",\"position_sticky_breakpoint\":\"m\"},\"children\":[{\"type\":\"headline\",\"props\":{\"content\":\"Detalls <strong>t\u00e8cnics<\/strong>\",\"image_align\":\"left\",\"image_margin\":\"xsmall\",\"text_align\":\"center\",\"title_element\":\"h1\",\"title_style\":\"h2\"}},{\"type\":\"headline\",\"props\":{\"block_align\":\"center\",\"content\":\"Alexandra 90\",\"image_align\":\"left\",\"image_margin\":\"xsmall\",\"margin_bottom\":\"small\",\"margin_top\":\"small\",\"maxwidth\":\"large\",\"title_element\":\"h2\",\"title_style\":\"h1\",\"visibility\":\"hidden-l\"}},{\"type\":\"headline\",\"props\":{\"block_align\":\"center\",\"content\":\"156.800,00 \u20ac <span class=\\\"text-iva\\\">+ IVA<\/span>\",\"image_align\":\"left\",\"image_margin\":\"xsmall\",\"margin_bottom\":\"small\",\"margin_top\":\"small\",\"maxwidth\":\"large\",\"title_element\":\"h2\",\"title_style\":\"h2\",\"visibility\":\"hidden-l\"}},{\"type\":\"text\",\"props\":{\"block_align\":\"center\",\"column_breakpoint\":\"m\",\"content\":\"\n\n<p>1.742,22 \u20ac \/ m\u00b2<\/p>\n\n\",\"margin_bottom\":\"small\",\"margin_top\":\"small\",\"maxwidth\":\"large\",\"visibility\":\"hidden-l\"}},{\"type\":\"text\",\"props\":{\"block_align\":\"center\",\"column_breakpoint\":\"m\",\"content\":\"\n\n<p>*Preu acabats parcials sense IVA establert per a un radi de 50 km de Barcelona.<\/p>\n\n\",\"margin_bottom\":\"default\",\"margin_top\":\"default\",\"maxwidth\":\"large\",\"text_style\":\"small\",\"visibility\":\"hidden-l\"}},{\"type\":\"text\",\"props\":{\"block_align\":\"center\",\"column_breakpoint\":\"m\",\"content\":\"\n\n<p>La casa modular Alexandra s'ha dissenyat per aprofitar cada rac\u00f3, no es perd espai als passadissos. Est\u00e0 distribu\u00efda en una sola planta, amb 3 habitacions i 2 banys. L\u00b4habitaci\u00f3 de matrimoni \u00e9s suite. T\u00e9 un espai totalment obert on disposa d'un sal\u00f3-menjador amb uns bons finestrals que donen al jard\u00ed, i una cuina amb illa for\u00e7a espaiosa. Ideal per a una parella o una fam\u00edlia.<\/p>\n\n\",\"margin_bottom\":\"\",\"margin_top\":\"\",\"maxwidth\":\"large\",\"visibility\":\"hidden-l\"}},{\"name\":\"Panel Slider Sets\",\"type\":\"panel-slider\",\"children\":[{\"type\":\"panel-slider_item\",\"props\":{\"content\":\"\n\n<p>1<\/p>\n\n\",\"image\":\"wp-content\/uploads\/2024\/08\/plantas.webp\",\"meta\":\"\",\"title\":\"Total\"}},{\"type\":\"panel-slider_item\",\"props\":{\"content\":\"\n\n<p>90<\/p>\n\n\",\"image\":\"wp-content\/uploads\/2024\/08\/plantas.webp\",\"meta\":\"\",\"title\":\"Baixa\"}},{\"type\":\"panel-slider_item\",\"props\":{\"content\":\"\n\n<p>0<\/p>\n\n\",\"image\":\"wp-content\/uploads\/2024\/08\/plantas.webp\",\"meta\":\"\",\"title\":\"Primera\"}},{\"type\":\"panel-slider_item\",\"props\":{\"content\":\"\n\n<p>73,52<\/p>\n\n\",\"image\":\"wp-content\/uploads\/2024\/07\/cubo-3.webp\",\"meta\":\"\",\"title\":\"\u00datils\"}}],\"props\":{\"block_align\":\"center\",\"container_padding_remove\":true,\"content_column_breakpoint\":\"m\",\"content_margin\":\"small\",\"content_style\":\"h6\",\"image_align\":\"top\",\"image_grid_breakpoint\":\"m\",\"image_grid_width\":\"1-2\",\"image_link\":false,\"image_svg_color\":\"emphasis\",\"image_width\":\"30\",\"link_style\":\"text\",\"link_text\":\"\",\"margin_bottom\":\"default\",\"margin_top\":\"default\",\"maxwidth\":\"large\",\"meta_align\":\"above-title\",\"meta_color\":\"primary\",\"meta_element\":\"div\",\"meta_margin\":\"small\",\"meta_style\":\"h6\",\"nav\":\"\",\"nav_align\":\"center\",\"nav_breakpoint\":\"s\",\"nav_margin\":\"medium\",\"panel_link\":false,\"panel_match\":true,\"show_content\":true,\"show_hover_image\":true,\"show_hover_video\":true,\"show_image\":true,\"show_link\":true,\"show_meta\":true,\"show_title\":true,\"show_video\":true,\"slidenav\":\"\",\"slidenav_breakpoint\":\"xl\",\"slidenav_hover\":false,\"slidenav_margin\":\"medium\",\"slidenav_outside_breakpoint\":\"xl\",\"slider_autoplay_pause\":true,\"slider_divider\":false,\"slider_gap\":\"medium\",\"slider_sets\":false,\"slider_width\":\"fixed\",\"slider_width_default\":\"1-4\",\"slider_width_medium\":\"1-5\",\"text_align\":\"center\",\"title_align\":\"top\",\"title_color\":\"muted\",\"title_element\":\"h3\",\"title_grid_breakpoint\":\"m\",\"title_grid_width\":\"1-2\",\"title_hover_style\":\"heading\",\"title_link\":false,\"title_margin\":\"small\",\"title_style\":\"h6\",\"visibility\":\"hidden-l\"}},{\"name\":\"Panel Slider Sets\",\"type\":\"panel-slider\",\"children\":[{\"type\":\"panel-slider_item\",\"props\":{\"content\":\"\n\n<p>3-4<\/p>\n\n\",\"image\":\"wp-content\/uploads\/2024\/07\/n-personas.webp\",\"meta\":\"\",\"title\":\"Persones\"}},{\"type\":\"panel-slider_item\",\"props\":{\"content\":\"\n\n<p>3<\/p>\n\n\",\"image\":\"wp-content\/uploads\/2024\/07\/habitaciones-3.webp\",\"meta\":\"\",\"title\":\"Habs\"}},{\"type\":\"panel-slider_item\",\"props\":{\"content\":\"\n\n<p>2<\/p>\n\n\",\"image\":\"wp-content\/uploads\/2024\/07\/banos-3.webp\",\"meta\":\"\",\"title\":\"Banys\"}},{\"type\":\"panel-slider_item\",\"props\":{\"content\":\"\n\n<p>90<\/p>\n\n\",\"image\":\"wp-content\/uploads\/2024\/07\/cubo-3.webp\",\"meta\":\"\",\"title\":\"Ocup\"}}],\"props\":{\"block_align\":\"center\",\"container_padding_remove\":true,\"content_column_breakpoint\":\"m\",\"content_margin\":\"small\",\"content_style\":\"h6\",\"image_align\":\"top\",\"image_grid_breakpoint\":\"m\",\"image_grid_width\":\"1-2\",\"image_link\":false,\"image_svg_color\":\"emphasis\",\"image_width\":\"30\",\"link_style\":\"text\",\"link_text\":\"\",\"margin_bottom\":\"default\",\"margin_top\":\"default\",\"maxwidth\":\"large\",\"meta_align\":\"above-title\",\"meta_color\":\"primary\",\"meta_element\":\"div\",\"meta_margin\":\"small\",\"meta_style\":\"h6\",\"nav\":\"\",\"nav_align\":\"center\",\"nav_breakpoint\":\"s\",\"nav_margin\":\"medium\",\"panel_link\":false,\"panel_match\":true,\"show_content\":true,\"show_hover_image\":true,\"show_hover_video\":true,\"show_image\":true,\"show_link\":true,\"show_meta\":true,\"show_title\":true,\"show_video\":true,\"slidenav\":\"\",\"slidenav_breakpoint\":\"xl\",\"slidenav_hover\":false,\"slidenav_margin\":\"medium\",\"slidenav_outside_breakpoint\":\"xl\",\"slider_autoplay_pause\":true,\"slider_divider\":false,\"slider_gap\":\"medium\",\"slider_sets\":false,\"slider_width\":\"fixed\",\"slider_width_default\":\"1-4\",\"slider_width_medium\":\"1-5\",\"text_align\":\"center\",\"title_align\":\"top\",\"title_color\":\"muted\",\"title_element\":\"h3\",\"title_grid_breakpoint\":\"m\",\"title_grid_width\":\"1-2\",\"title_hover_style\":\"heading\",\"title_link\":false,\"title_margin\":\"small\",\"title_style\":\"h6\",\"visibility\":\"hidden-l\"}},{\"name\":\"Button Style Secondary\",\"type\":\"button\",\"children\":[{\"type\":\"button_item\",\"props\":{\"button_style\":\"secondary\",\"content\":\"Veure pl\u00e0nol distribuci\u00f3 .pdf\",\"dialog_layout\":\"modal\",\"dialog_offcanvas_flip\":true,\"icon\":\"cloud-download\",\"icon_align\":\"left\",\"link\":\"https:\/\/drive.google.com\/file\/d\/1wKxtzSL32s4RME-Mnlf-uSnZueY0ChVT\/view?usp=drive_link\",\"link_title\":\"Veure pl\u00e0nol distribuci\u00f3 .pdf\"}}],\"props\":{\"block_align\":\"center\",\"grid_column_gap\":\"small\",\"grid_row_gap\":\"small\",\"margin_bottom\":\"default\",\"margin_top\":\"default\",\"maxwidth\":\"large\",\"text_align\":\"center\",\"visibility\":\"hidden-l\"}}]}]}],\"name\":\"Detalls t\u00e8cnics\"},{\"name\":\"Fitxa de la casa\",\"type\":\"section\",\"props\":{\"animation\":\"slide-left-small\",\"animation_delay\":false,\"image_position\":\"top-center\",\"padding_top\":\"none\",\"style\":\"default\",\"title_breakpoint\":\"xl\",\"title_position\":\"top-left\",\"title_rotation\":\"left\",\"vertical_align\":\"\",\"width\":\"xlarge\"},\"children\":[{\"type\":\"row\",\"props\":{\"column_gap\":\"collapse\",\"layout\":\"1-2,1-2\",\"margin_bottom\":\"xlarge\",\"margin_top\":\"xlarge\",\"row_gap\":\"collapse\"},\"children\":[{\"type\":\"column\",\"props\":{\"css\":\".el-column {\\n\\tmin-height: 500px;\\n}\",\"image\":\"wp-content\/uploads\/2024\/08\/plano-constructivo.webp\",\"image_loading\":false,\"image_position\":\"center-center\",\"image_size\":\"cover\",\"position_sticky_breakpoint\":\"m\",\"width_large\":\"1-2\"},\"children\":[{\"name\":\"Slideshow Images Thumbnav Below Left\",\"type\":\"slideshow\",\"children\":[{\"type\":\"slideshow_item\",\"props\":{\"image\":\"wp-content\/uploads\/2025\/01\/casa-modular-alexandra90-5.webp\"}},{\"type\":\"slideshow_item\",\"props\":{\"image\":\"wp-content\/uploads\/2025\/01\/casa-modular-alexandra90-4.webp\"}},{\"type\":\"slideshow_item\",\"props\":{\"image\":\"wp-content\/uploads\/2025\/01\/casa-modular-alexandra90-3.webp\"}},{\"type\":\"slideshow_item\",\"props\":{\"image\":\"wp-content\/uploads\/2025\/01\/casa-modular-alexandra90-2.webp\"}},{\"type\":\"slideshow_item\",\"props\":{\"image\":\"wp-content\/uploads\/2025\/01\/casa-modular-alexandra90-1.webp\"}}],\"props\":{\"link_style\":\"default\",\"link_text\":\"Read more\",\"margin_bottom\":\"default\",\"margin_top\":\"default\",\"meta_align\":\"below-title\",\"meta_element\":\"div\",\"meta_style\":\"text-meta\",\"nav\":\"thumbnav\",\"nav_align\":\"center\",\"nav_below\":true,\"nav_breakpoint\":\"\",\"nav_margin\":\"small\",\"nav_position\":\"bottom-center\",\"nav_position_margin\":\"medium\",\"overlay_animation\":\"parallax\",\"overlay_position\":\"center-left\",\"show_content\":true,\"show_link\":true,\"show_meta\":true,\"show_thumbnail\":true,\"show_title\":true,\"slidenav\":\"\",\"slidenav_breakpoint\":\"s\",\"slidenav_hover\":true,\"slidenav_large\":true,\"slidenav_margin\":\"medium\",\"slidenav_outside_breakpoint\":\"xl\",\"slideshow_autoplay\":false,\"slideshow_autoplay_pause\":true,\"slideshow_min_height\":\"300\",\"slideshow_ratio\":\"1:1\",\"text_align\":\"center\",\"thumbnav_height\":\"100\",\"thumbnav_shrink\":false,\"thumbnav_svg_color\":\"emphasis\",\"thumbnav_width\":\"100\",\"title_element\":\"h3\",\"title_hover_style\":\"reset\"}}]},{\"type\":\"column\",\"props\":{\"image\":\"wp-content\/uploads\/residences-bg.svg\",\"image_height\":\"910\",\"image_position\":\"center-center\",\"image_size\":\"cover\",\"image_width\":\"1300\",\"padding\":\"large\",\"position_sticky_breakpoint\":\"m\",\"style\":\"tile-muted\",\"width_large\":\"1-2\"},\"children\":[{\"type\":\"headline\",\"props\":{\"block_align\":\"center\",\"content\":\"Alexandra 90\",\"image_align\":\"left\",\"image_margin\":\"xsmall\",\"margin_bottom\":\"small\",\"margin_top\":\"small\",\"maxwidth\":\"large\",\"title_element\":\"h2\",\"title_style\":\"h1\",\"visibility\":\"l\"}},{\"type\":\"headline\",\"props\":{\"block_align\":\"center\",\"content\":\"156.800,00 \u20ac <span class=\\\"text-iva\\\">+ IVA<\/span>\",\"image_align\":\"left\",\"image_margin\":\"xsmall\",\"margin_bottom\":\"small\",\"margin_top\":\"small\",\"maxwidth\":\"large\",\"title_element\":\"h2\",\"title_style\":\"h2\",\"visibility\":\"l\"}},{\"type\":\"text\",\"props\":{\"block_align\":\"center\",\"column_breakpoint\":\"m\",\"content\":\"\n\n<p>1.742,22 \u20ac \/ m\u00b2<\/p>\n\n\",\"margin_bottom\":\"small\",\"margin_top\":\"small\",\"maxwidth\":\"large\",\"visibility\":\"l\"}},{\"type\":\"text\",\"props\":{\"block_align\":\"center\",\"column_breakpoint\":\"m\",\"content\":\"\n\n<p>*Preu acabats parcials sense IVA establert per a un radi de 50 km de Barcelona.<\/p>\n\n\",\"margin_bottom\":\"default\",\"margin_top\":\"default\",\"maxwidth\":\"large\",\"text_style\":\"small\",\"visibility\":\"l\"}},{\"type\":\"text\",\"props\":{\"block_align\":\"center\",\"column_breakpoint\":\"m\",\"content\":\"\n\n<p>La casa modular Alexandra s'ha dissenyat per aprofitar cada rac\u00f3, no es perd espai als passadissos. Est\u00e0 distribu\u00efda en una sola planta, amb 3 habitacions i 2 banys. L\u00b4habitaci\u00f3 de matrimoni \u00e9s suite. T\u00e9 un espai totalment obert on disposa d'un sal\u00f3-menjador amb uns bons finestrals que donen al jard\u00ed, i una cuina amb illa for\u00e7a espaiosa. Ideal per a una parella o una fam\u00edlia.<\/p>\n\n\",\"margin_bottom\":\"\",\"margin_top\":\"\",\"maxwidth\":\"large\",\"visibility\":\"l\"}},{\"name\":\"Panel Slider Sets\",\"type\":\"panel-slider\",\"children\":[{\"type\":\"panel-slider_item\",\"props\":{\"content\":\"\n\n<p>1<\/p>\n\n\",\"image\":\"wp-content\/uploads\/2024\/08\/plantas.webp\",\"meta\":\"\",\"title\":\"Total\"}},{\"type\":\"panel-slider_item\",\"props\":{\"content\":\"\n\n<p>90<\/p>\n\n\",\"image\":\"wp-content\/uploads\/2024\/08\/plantas.webp\",\"meta\":\"\",\"title\":\"Baixa\"}},{\"type\":\"panel-slider_item\",\"props\":{\"content\":\"\n\n<p>0<\/p>\n\n\",\"image\":\"wp-content\/uploads\/2024\/08\/plantas.webp\",\"meta\":\"\",\"title\":\"Primera\"}},{\"type\":\"panel-slider_item\",\"props\":{\"content\":\"\n\n<p>73,52<\/p>\n\n\",\"image\":\"wp-content\/uploads\/2024\/07\/cubo-3.webp\",\"meta\":\"\",\"title\":\"\u00datils\"}}],\"props\":{\"block_align\":\"center\",\"container_padding_remove\":true,\"content_column_breakpoint\":\"m\",\"content_margin\":\"small\",\"content_style\":\"h6\",\"image_align\":\"top\",\"image_grid_breakpoint\":\"m\",\"image_grid_width\":\"1-2\",\"image_link\":false,\"image_svg_color\":\"emphasis\",\"image_width\":\"30\",\"link_style\":\"text\",\"link_text\":\"\",\"margin_bottom\":\"default\",\"margin_top\":\"default\",\"maxwidth\":\"large\",\"meta_align\":\"above-title\",\"meta_color\":\"primary\",\"meta_element\":\"div\",\"meta_margin\":\"small\",\"meta_style\":\"h6\",\"nav\":\"\",\"nav_align\":\"center\",\"nav_breakpoint\":\"s\",\"nav_margin\":\"medium\",\"panel_link\":false,\"panel_match\":true,\"show_content\":true,\"show_hover_image\":true,\"show_hover_video\":true,\"show_image\":true,\"show_link\":true,\"show_meta\":true,\"show_title\":true,\"show_video\":true,\"slidenav\":\"\",\"slidenav_breakpoint\":\"xl\",\"slidenav_hover\":false,\"slidenav_margin\":\"medium\",\"slidenav_outside_breakpoint\":\"xl\",\"slider_autoplay_pause\":true,\"slider_divider\":false,\"slider_gap\":\"medium\",\"slider_sets\":false,\"slider_width\":\"fixed\",\"slider_width_default\":\"1-4\",\"slider_width_medium\":\"1-5\",\"text_align\":\"center\",\"title_align\":\"top\",\"title_color\":\"muted\",\"title_element\":\"h3\",\"title_grid_breakpoint\":\"m\",\"title_grid_width\":\"1-2\",\"title_hover_style\":\"heading\",\"title_link\":false,\"title_margin\":\"small\",\"title_style\":\"h6\",\"visibility\":\"l\"}},{\"name\":\"Panel Slider Sets\",\"type\":\"panel-slider\",\"children\":[{\"type\":\"panel-slider_item\",\"props\":{\"content\":\"\n\n<p>3-4<\/p>\n\n\",\"image\":\"wp-content\/uploads\/2024\/07\/n-personas.webp\",\"meta\":\"\",\"title\":\"Persones\"}},{\"type\":\"panel-slider_item\",\"props\":{\"content\":\"\n\n<p>3<\/p>\n\n\",\"image\":\"wp-content\/uploads\/2024\/07\/habitaciones-3.webp\",\"meta\":\"\",\"title\":\"Habs\"}},{\"type\":\"panel-slider_item\",\"props\":{\"content\":\"\n\n<p>2<\/p>\n\n\",\"image\":\"wp-content\/uploads\/2024\/07\/banos-3.webp\",\"meta\":\"\",\"title\":\"Banys\"}},{\"type\":\"panel-slider_item\",\"props\":{\"content\":\"\n\n<p>90<\/p>\n\n\",\"image\":\"wp-content\/uploads\/2024\/07\/cubo-3.webp\",\"meta\":\"\",\"title\":\"Ocup\"}}],\"props\":{\"block_align\":\"center\",\"container_padding_remove\":true,\"content_column_breakpoint\":\"m\",\"content_margin\":\"small\",\"content_style\":\"h6\",\"image_align\":\"top\",\"image_grid_breakpoint\":\"m\",\"image_grid_width\":\"1-2\",\"image_link\":false,\"image_svg_color\":\"emphasis\",\"image_width\":\"30\",\"link_style\":\"text\",\"link_text\":\"\",\"margin_bottom\":\"default\",\"margin_top\":\"default\",\"maxwidth\":\"large\",\"meta_align\":\"above-title\",\"meta_color\":\"primary\",\"meta_element\":\"div\",\"meta_margin\":\"small\",\"meta_style\":\"h6\",\"nav\":\"\",\"nav_align\":\"center\",\"nav_breakpoint\":\"s\",\"nav_margin\":\"medium\",\"panel_link\":false,\"panel_match\":true,\"show_content\":true,\"show_hover_image\":true,\"show_hover_video\":true,\"show_image\":true,\"show_link\":true,\"show_meta\":true,\"show_title\":true,\"show_video\":true,\"slidenav\":\"\",\"slidenav_breakpoint\":\"xl\",\"slidenav_hover\":false,\"slidenav_margin\":\"medium\",\"slidenav_outside_breakpoint\":\"xl\",\"slider_autoplay_pause\":true,\"slider_divider\":false,\"slider_gap\":\"medium\",\"slider_sets\":false,\"slider_width\":\"fixed\",\"slider_width_default\":\"1-4\",\"slider_width_medium\":\"1-5\",\"text_align\":\"center\",\"title_align\":\"top\",\"title_color\":\"muted\",\"title_element\":\"h3\",\"title_grid_breakpoint\":\"m\",\"title_grid_width\":\"1-2\",\"title_hover_style\":\"heading\",\"title_link\":false,\"title_margin\":\"small\",\"title_style\":\"h6\",\"visibility\":\"l\"}},{\"name\":\"Button Style Secondary\",\"type\":\"button\",\"children\":[{\"type\":\"button_item\",\"props\":{\"button_style\":\"secondary\",\"content\":\"Veure pl\u00e0nol distribuci\u00f3 .pdf\",\"dialog_layout\":\"modal\",\"dialog_offcanvas_flip\":true,\"icon\":\"cloud-download\",\"icon_align\":\"left\",\"link\":\"https:\/\/drive.google.com\/file\/d\/1wKxtzSL32s4RME-Mnlf-uSnZueY0ChVT\/view?usp=drive_link\",\"link_title\":\"Veure pl\u00e0nol distribuci\u00f3 .pdf\"}}],\"props\":{\"block_align\":\"center\",\"grid_column_gap\":\"small\",\"grid_row_gap\":\"small\",\"margin_bottom\":\"default\",\"margin_top\":\"default\",\"maxwidth\":\"large\",\"visibility\":\"l\"}}]}]}]},{\"type\":\"section\",\"props\":{\"image_position\":\"center-center\",\"padding_top\":\"none\",\"style\":\"default\",\"title_breakpoint\":\"xl\",\"title_position\":\"top-left\",\"title_rotation\":\"left\",\"vertical_align\":\"middle\",\"width\":\"large\"},\"children\":[{\"type\":\"row\",\"children\":[{\"type\":\"column\",\"props\":{\"image_position\":\"center-center\",\"position_sticky_breakpoint\":\"m\"},\"children\":[{\"type\":\"headline\",\"props\":{\"content\":\"Modalitats de <strong>construcci\u00f3<\/strong> i\u00a0<strong>preus<\/strong>\",\"image_align\":\"left\",\"image_margin\":\"xsmall\",\"text_align\":\"center\",\"title_color\":\"secondary\",\"title_element\":\"h1\",\"title_style\":\"h2\"}}]}]},{\"type\":\"row\",\"props\":{\"column_gap\":\"small\",\"layout\":\"1-3,1-3,1-3\"},\"children\":[{\"type\":\"column\",\"props\":{\"image_position\":\"center-center\",\"position_sticky_breakpoint\":\"m\",\"style\":\"tile-muted\",\"width_medium\":\"1-3\"},\"children\":[{\"type\":\"image\",\"props\":{\"css\":\".el-element{\\n  min-height:40px;\\n}\",\"image\":\"wp-content\/uploads\/2024\/10\/acabados-parciales.webp\",\"image_svg_color\":\"emphasis\",\"image_width\":40,\"margin_bottom\":\"remove\",\"margin_top\":\"remove\",\"text_align\":\"center\"}},{\"type\":\"text\",\"props\":{\"column_breakpoint\":\"m\",\"content\":\"\n\n<p><strong>Acabats parcials<\/strong> <br \/>a qualsevol punt d'Espanya (1) (2)<\/p>\n\n\",\"css\":\".el-element{\\n  min-height:130px;\\n}\",\"margin_bottom\":\"small\",\"margin_top\":\"small\",\"text_align\":\"center\",\"text_color\":\"emphasis\",\"text_style\":\"lead\"}},{\"type\":\"text\",\"props\":{\"column_breakpoint\":\"m\",\"content\":\"\n\n<p>Per a particulars que tinguin capacitat per fer acabats finals pel seu compte i tinguin la fonamentaci\u00f3 acabada.<\/p>\n\n\",\"margin_bottom\":\"small\",\"margin_top\":\"small\",\"text_align\":\"center\",\"text_color\":\"emphasis\",\"text_style\":\"lead\"}},{\"type\":\"headline\",\"props\":{\"content\":\"<span class=\\\"text-iva\\\"><b>A consultar<\/b><\/span>\",\"image_align\":\"left\",\"image_margin\":\"xsmall\",\"margin_bottom\":\"default\",\"margin_top\":\"default\",\"text_align\":\"center\",\"title_color\":\"secondary\",\"title_element\":\"h1\",\"title_style\":\"h4\"}},{\"type\":\"text\",\"props\":{\"column_breakpoint\":\"m\",\"content\":\"\n\n<p>Preu amb acabats parcials establert per a un radi de 50 km de Barcelona.<\/p>\n\n\",\"css\":\".el-element{\\n  min-height:80px;\\n}\",\"margin_bottom\":\"default\",\"margin_top\":\"default\",\"text_align\":\"center\",\"text_color\":\"emphasis\"}},{\"name\":\"Accordion One Item Start Closed\",\"type\":\"accordion\",\"children\":[{\"type\":\"accordion_item\",\"props\":{\"content\":\"\",\"image\":\"\",\"title\":\"El precio incluye\"}}],\"props\":{\"collapsible\":true,\"content_column_breakpoint\":\"m\",\"image_align\":\"left\",\"image_grid_breakpoint\":\"s\",\"image_grid_width\":\"auto\",\"image_height\":\"100\",\"image_svg_color\":\"emphasis\",\"image_vertical_align\":true,\"image_width\":\"100\",\"link_style\":\"default\",\"link_text\":\"\",\"multiple\":false,\"show_image\":true,\"show_link\":true,\"text_align\":\"left\"}},{\"type\":\"text\",\"props\":{\"column_breakpoint\":\"m\",\"content\":\"\n\n<p>(I) Illes Balears a consultar.<br \/>(II) Illes Can\u00e0ries, Ceuta i Melilla no prestem serveis.<\/p>\n\n\",\"margin_bottom\":\"default\",\"margin_top\":\"default\",\"text_align\":\"left\"}}]},{\"type\":\"column\",\"props\":{\"image_position\":\"center-center\",\"position_sticky_breakpoint\":\"m\",\"style\":\"tile-primary\",\"width_medium\":\"1-3\"},\"children\":[{\"type\":\"image\",\"props\":{\"css\":\".el-element{\\n  min-height:40px;\\n}\",\"image\":\"wp-content\/uploads\/2024\/10\/llave-en-mano-black.webp\",\"image_svg_color\":\"emphasis\",\"image_width\":40,\"margin_bottom\":\"remove\",\"margin_top\":\"remove\",\"text_align\":\"center\"}},{\"type\":\"text\",\"props\":{\"column_breakpoint\":\"m\",\"content\":\"\n\n<p><strong>Clau en m\u00e0<\/strong><br \/>amb AM Prefabricadas<\/p>\n\n\",\"css\":\".el-element{\\n  min-height:130px;\\n}\",\"margin_bottom\":\"small\",\"margin_top\":\"small\",\"text_align\":\"center\",\"text_color\":\"emphasis\",\"text_style\":\"lead\"}},{\"type\":\"text\",\"props\":{\"column_breakpoint\":\"m\",\"content\":\"\n\n<p>Per a particulars que vulguin un habitatge clau en m\u00e0 totalment llest per entrar a viure.<\/p>\n\n\",\"margin_bottom\":\"small\",\"margin_top\":\"small\",\"text_align\":\"center\",\"text_color\":\"emphasis\",\"text_style\":\"lead\"}},{\"type\":\"headline\",\"props\":{\"content\":\"<strong>156.800,00 \u20ac <span class=\\\"text-iva\\\">+IVA<\/span><\/strong>\",\"image_align\":\"left\",\"image_margin\":\"xsmall\",\"margin_bottom\":\"default\",\"margin_top\":\"default\",\"text_align\":\"center\",\"title_element\":\"h1\",\"title_style\":\"h4\"}},{\"type\":\"text\",\"props\":{\"column_breakpoint\":\"m\",\"content\":\"\n\n<p>Preu clau en m\u00e0 establert per a un radi de 50 km de Barcelona.<\/p>\n\n\",\"css\":\".el-element{\\n  min-height:80px;\\n}\",\"margin_bottom\":\"default\",\"margin_top\":\"default\",\"text_align\":\"center\",\"text_color\":\"emphasis\"}},{\"name\":\"Accordion One Item Start Closed\",\"type\":\"accordion\",\"children\":[{\"type\":\"accordion_item\",\"props\":{\"content\":\"\n\n<p>89,59 m\u00b2 de superf\u00edcie constru\u00efda amb estructura d'entramat lleuger de fusta, segons els pl\u00e0nols adjunts. Les c\u00e0rregues estan distribu\u00efdes per permetre el seu assentament sobre una fonamentaci\u00f3 de pilons o un altre tipus de fonamentaci\u00f3.<\/p>\n\n\\n\n\n<ul>\\n\n\n<li>Teulada impermeabilitzada amb l\u00e0mina EPDM.<\/li>\n\n\\n\n\n<li>Coronaci\u00f3 de parapets amb xapa (color a escollir).<\/li>\n\n\\n\n\n<li>Fa\u00e7ana ventilada acabada amb diferents opcions: amb plaques de fibrociment de la marca NICHIHA, que garanteix zero manteniment, fusta termo tractada o xapa grecada. Es poden combinar els diferents materials per aconseguir un disseny \u00fanic i personalitzat. (color a escollir)<\/li>\n\n\\n\n\n<li>Fusteria exterior de PVC amb acabat gris antracita a l'exterior i blanc a l'interior, equipada amb doble vidre.<\/li>\n\n\\n\n\n<li>Abocaaig\u00fces fabricades en xapa (color a escollir).<\/li>\n\n\\n\n\n<li>Baixants pluvials vistos, fabricats en xapa de color antracita.<\/li>\n\n\\n<\/ul>\n\n\\n\n\n<p><strong>INTERIOR:<\/strong><\/p>\n\n\\n\n\n<ul>\\n\n\n<li>Fals sostre acabat en guix laminat, pintat de color blanc.<\/li>\n\n\\n\n\n<li>Parets acabats en guix laminat RF, pintat en blanc.<\/li>\n\n\\n\n\n<li>Paret de c\u00e0rrega (vista des del menjador), acabada amb taules de fusta termo tractada (tonalitat a escollir).<\/li>\n\n\\n\n\n<li>Terra de la casa (inclosos els banys) acabat amb taulons de vinil SPC (imitaci\u00f3 fusta), resistents a l'aigua i a les ratllades (Model per definir).<\/li>\n\n\\n\n\n<li>S\u00f2cols de PVC m\u00e9s resistents de color blanc.<\/li>\n\n\\n\n\n<li>Portes semimacisses lacades de color blanc.<\/li>\n\n\\n\n\n<li>Instal\u00b7laci\u00f3 completa de la xarxa el\u00e8ctrica, conforme al projecte.<\/li>\n\n\\n\n\n<li>Instal\u00b7laci\u00f3 completa de la xarxa d'aigua, conforme al projecte.<\/li>\n\n\\n\n\n<li>Instal\u00b7laci\u00f3 completa de la xarxa de telecomunicacions, d'acord amb el projecte.<\/li>\n\n\\n\n\n<li>Instal\u00b7laci\u00f3 d'il\u00b7luminaci\u00f3 tipus ulls de bou de color blanc, segons el projecte.<\/li>\n\n\\n\n\n<li>Instal\u00b7laci\u00f3 de porter autom\u00e0tic o videoporter.<\/li>\n\n\\n\n\n<li>Preinstal\u00b7laci\u00f3 de plaques fotovoltaiques (inclou tub corrugat des de la teulada fins al quadre el\u00e8ctric).<\/li>\n\n\\n\n\n<li>Aire condicionat amb bomba de calor, instal\u00b7lat amb sistema split en 3 estances.<\/li>\n\n\\n\n\n<li>Recuperadors de calor descentralitzats instal\u00b7lats en 3 estances.<\/li>\n\n\\n\n\n<li>Bomba de calor amb tecnologia d'aerot\u00e8rmia per a ACS de 110-150 litres.<\/li>\n\n\\n<\/ul>\n\n\\n\n\n<p><strong>BANYS:<\/strong><\/p>\n\n\\n\n\n<ul>\\n\n\n<li>Parets de banys revestits amb panells 100% impermeables de la marca FIBO (color i model a escollir).<\/li>\n\n\\n\n\n<li>Plat de dutxa de resina de color blanc.<\/li>\n\n\\n\n\n<li>Mampares corredisses cromades, instal\u00b7lades als dos banys.<\/li>\n\n\\n\n\n<li>Columnes de dutxa marca FOSSIL NATURA, model BAVARO.<\/li>\n\n\\n\n\n<li>Aixetes de lavabos marca FOSSIL NATURA, model FLAT.<\/li>\n\n\\n\n\n<li>Inodors marca FOSSIL NATURA, model FLOR\u00c8NCIA.<\/li>\n\n\\n\n\n<li>Mobles de bany suspesos, amb 2 calaixos, de color blanc. Mides: 60 cm i 100 cm.<\/li>\n\n\\n\n\n<li>Miralls rodons, t\u00e0ctils, amb llum LED, de 60 cm de di\u00e0metre.<\/li>\n\n\\n<\/ul>\n\n\\n\n\n<p><strong>CUINA:<\/strong><\/p>\n\n\\n\n\n<ul>\\n\n\n<li>Instal\u00b7laci\u00f3 el\u00e8ctrica i d'aigua, conforme al projecte.<\/li>\n\n\\n\n\n<li>Instal\u00b7laci\u00f3 del tub extractor d'inox amb barret antitornament amb campana integrada inclosa.<\/li>\n\n\\n\n\n<li>Mobiliari de cuina incl\u00f2s conforme al projecte.<\/li>\n\n\\n\n\n<li>Electrodom\u00e8stics no inclosos.<\/li>\n\n\\n<\/ul>\n\n\\n\n\n<p><strong>A PART S'HA DE VALORAR:<\/strong><\/p>\n\n\\n\n\n<ul>\\n\n\n<li>Serveis d'arquitecte i arquitecte t\u00e8cnic (opci\u00f3 de pack de serveis d'arquitectura i arquitecte t\u00e8cnic).<\/li>\n\n\\n\n\n<li>Moviments de terra.<\/li>\n\n\\n\n\n<li>Escomeses.<\/li>\n\n\\n\n\n<li>Fonamentaci\u00f3 (recomanable pilons).<\/li>\n\n\\n<\/ul>\n\n\",\"image\":\"\",\"title\":\"El preu inclou\"}}],\"props\":{\"collapsible\":true,\"content_column_breakpoint\":\"m\",\"css\":\".uk-accordion,\\n.uk-accordion li,\\n.uk-accordion-title,\\n.uk-accordion-content {\\n    color: #ffffff !important;\\n}\",\"image_align\":\"left\",\"image_grid_breakpoint\":\"s\",\"image_grid_width\":\"auto\",\"image_height\":\"100\",\"image_svg_color\":\"emphasis\",\"image_vertical_align\":true,\"image_width\":\"100\",\"link_style\":\"default\",\"link_text\":\"\",\"multiple\":false,\"show_image\":true,\"show_link\":true,\"text_align\":\"left\"}},{\"type\":\"text\",\"props\":{\"column_breakpoint\":\"m\",\"content\":\"\n\n<p>(I) Illes Balears a consultar.<br \/>(II) Illes Can\u00e0ries, Ceuta i Melilla no prestem serveis.<\/p>\n\n\",\"margin_bottom\":\"default\",\"margin_top\":\"default\",\"text_align\":\"left\",\"text_color\":\"emphasis\"}}]},{\"type\":\"column\",\"props\":{\"image_position\":\"center-center\",\"position_sticky_breakpoint\":\"m\",\"style\":\"tile-secondary\",\"width_medium\":\"1-3\"},\"children\":[{\"type\":\"image\",\"props\":{\"css\":\".el-element{\\n  min-height:40px;\\n}\",\"image\":\"wp-content\/uploads\/2024\/10\/llave-en-mano-white.webp\",\"image_svg_color\":\"emphasis\",\"image_width\":40,\"margin_bottom\":\"remove\",\"margin_top\":\"remove\",\"text_align\":\"center\"}},{\"type\":\"text\",\"props\":{\"column_breakpoint\":\"m\",\"content\":\"\n\n<p><strong>Clau en m\u00e0 personalitzable<\/strong><br \/>amb AM Prefabricadas<\/p>\n\n\",\"css\":\".el-element{\\n  min-height:130px;\\n}\",\"margin_bottom\":\"small\",\"margin_top\":\"small\",\"text_align\":\"center\",\"text_color\":\"emphasis\",\"text_style\":\"lead\"}},{\"type\":\"text\",\"props\":{\"column_breakpoint\":\"m\",\"content\":\"\n\n<p>Habitatge clau en m\u00e0, amb la flexibilitat d\u2019escollir i gestionar els acabats interiors.<\/p>\n\n\",\"margin_bottom\":\"small\",\"margin_top\":\"small\",\"text_align\":\"center\",\"text_color\":\"emphasis\",\"text_style\":\"lead\"}},{\"type\":\"headline\",\"props\":{\"content\":\"<strong>Pressupost a mida<\/strong>\",\"image_align\":\"left\",\"image_margin\":\"xsmall\",\"margin_bottom\":\"default\",\"margin_top\":\"default\",\"text_align\":\"center\",\"title_element\":\"h1\",\"title_style\":\"h4\"}},{\"type\":\"text\",\"props\":{\"column_breakpoint\":\"m\",\"content\":\"\n\n<p>Executem estructura i instal\u00b7lacions.<br \/>Tu decideixes els acabats.<\/p>\n\n\",\"css\":\".el-element{\\n  min-height:80px;\\n}\",\"margin_bottom\":\"default\",\"margin_top\":\"default\",\"text_align\":\"center\",\"text_color\":\"emphasis\"}},{\"name\":\"Accordion One Item Start Closed\",\"type\":\"accordion\",\"children\":[{\"type\":\"accordion_item\",\"props\":{\"content\":\"\n\n<p>89,59 m\u00b2 de superf\u00edcie constru\u00efda amb estructura d'entramat lleuger de fusta, segons els pl\u00e0nols adjunts. Les c\u00e0rregues estan distribu\u00efdes per permetre el seu assentament sobre una fonamentaci\u00f3 de pilons o un altre tipus de fonamentaci\u00f3.<\/p>\n\n\\n\n\n<p><span>Materials i acabats a escollir pel client. Possibilitat de subministrament i instal\u00b7laci\u00f3 per\u00a0<\/span><strong>AM Prefabricadas<\/strong><span>\u00a0o execuci\u00f3 pr\u00f2pia.<\/span><\/p>\n\n\\n\n\n<ul>\\n\n\n<li>Teulada impermeabilitzada amb l\u00e0mina EPDM.<\/li>\n\n\\n\n\n<li>Coronaci\u00f3 de parapets amb xapa (color a escollir).<\/li>\n\n\\n\n\n<li>Fa\u00e7ana ventilada acabada amb diferents opcions: amb plaques de fibrociment de la marca NICHIHA, que garanteix zero manteniment, fusta termo tractada o xapa grecada. Es poden combinar els diferents materials per aconseguir un disseny \u00fanic i personalitzat. (color a escollir)<\/li>\n\n\\n\n\n<li>Fusteria exterior de PVC amb acabat gris antracita a l'exterior i blanc a l'interior, equipada amb doble vidre.<\/li>\n\n\\n\n\n<li>Abocaaig\u00fces fabricades en xapa (color a escollir).<\/li>\n\n\\n\n\n<li>Baixants pluvials vistos, fabricats en xapa de color antracita.<\/li>\n\n\\n<\/ul>\n\n\\n\n\n<p><strong>INTERIOR:<\/strong><\/p>\n\n\\n\n\n<ul>\\n\n\n<li>Fals sostre acabat en guix laminat, pintat de color blanc.<\/li>\n\n\\n\n\n<li>Parets acabats en guix laminat RF, pintat en blanc.<\/li>\n\n\\n\n\n<li>Paret de c\u00e0rrega (vista des del menjador), acabada amb taules de fusta termo tractada (tonalitat a escollir).<\/li>\n\n\\n\n\n<li>Terra de la casa (inclosos els banys) acabat amb taulons de vinil SPC (imitaci\u00f3 fusta), resistents a l'aigua i a les ratllades (Model per definir).<\/li>\n\n\\n\n\n<li>S\u00f2cols de PVC m\u00e9s resistents de color blanc.<\/li>\n\n\\n\n\n<li>Portes semimacisses lacades de color blanc.<\/li>\n\n\\n\n\n<li>Instal\u00b7laci\u00f3 completa de la xarxa el\u00e8ctrica, conforme al projecte.<\/li>\n\n\\n\n\n<li>Instal\u00b7laci\u00f3 completa de la xarxa d'aigua, conforme al projecte.<\/li>\n\n\\n\n\n<li>Instal\u00b7laci\u00f3 completa de la xarxa de telecomunicacions, d'acord amb el projecte.<\/li>\n\n\\n\n\n<li>Instal\u00b7laci\u00f3 d'il\u00b7luminaci\u00f3 tipus ulls de bou de color blanc, segons el projecte.<\/li>\n\n\\n\n\n<li>Instal\u00b7laci\u00f3 de porter autom\u00e0tic o videoporter.<\/li>\n\n\\n\n\n<li>Preinstal\u00b7laci\u00f3 de plaques fotovoltaiques (inclou tub corrugat des de la teulada fins al quadre el\u00e8ctric).<\/li>\n\n\\n\n\n<li>Aire condicionat amb bomba de calor, instal\u00b7lat amb sistema split en 3 estances.<\/li>\n\n\\n\n\n<li>Recuperadors de calor descentralitzats instal\u00b7lats en 3 estances.<\/li>\n\n\\n\n\n<li>Bomba de calor amb tecnologia d'aerot\u00e8rmia per a ACS de 110-150 litres.<\/li>\n\n\\n<\/ul>\n\n\\n\n\n<p><strong>BANYS:<\/strong><\/p>\n\n\\n\n\n<ul>\\n\n\n<li>Parets de banys revestits amb panells 100% impermeables de la marca FIBO (color i model a escollir).<\/li>\n\n\\n\n\n<li>Plat de dutxa de resina de color blanc.<\/li>\n\n\\n\n\n<li>Mampares corredisses cromades, instal\u00b7lades als dos banys.<\/li>\n\n\\n\n\n<li>Columnes de dutxa marca FOSSIL NATURA, model BAVARO.<\/li>\n\n\\n\n\n<li>Aixetes de lavabos marca FOSSIL NATURA, model FLAT.<\/li>\n\n\\n\n\n<li>Inodors marca FOSSIL NATURA, model FLOR\u00c8NCIA.<\/li>\n\n\\n\n\n<li>Mobles de bany suspesos, amb 2 calaixos, de color blanc. Mides: 60 cm i 100 cm.<\/li>\n\n\\n\n\n<li>Miralls rodons, t\u00e0ctils, amb llum LED, de 60 cm de di\u00e0metre.<\/li>\n\n\\n<\/ul>\n\n\\n\n\n<p><strong>CUINA:<\/strong><\/p>\n\n\\n\n\n<ul>\\n\n\n<li>Instal\u00b7laci\u00f3 el\u00e8ctrica i d'aigua, conforme al projecte.<\/li>\n\n\\n\n\n<li>Instal\u00b7laci\u00f3 del tub extractor d'inox amb barret antitornament amb campana integrada inclosa.<\/li>\n\n\\n\n\n<li>Mobiliari de cuina incl\u00f2s conforme al projecte.<\/li>\n\n\\n\n\n<li>Electrodom\u00e8stics no inclosos.<\/li>\n\n\\n<\/ul>\n\n\\n\n\n<p><span>Les partides no executades per\u00a0<\/span><strong>AM Prefabricadas<\/strong><span>\u00a0seran responsabilitat del client.<\/span><\/p>\n\n\\n\n\n<p><strong>A PART S'HA DE VALORAR:<\/strong><\/p>\n\n\\n\n\n<ul>\\n\n\n<li>Serveis d'arquitecte i arquitecte t\u00e8cnic (opci\u00f3 de pack de serveis d'arquitectura i arquitecte t\u00e8cnic).<\/li>\n\n\\n\n\n<li>Moviments de terra.<\/li>\n\n\\n\n\n<li>Escomeses.<\/li>\n\n\\n\n\n<li>Fonamentaci\u00f3 (recomanable pilons).<\/li>\n\n\\n<\/ul>\n\n\",\"image\":\"\",\"title\":\"Qu\u00e8 inclou?\"}}],\"props\":{\"collapsible\":true,\"content_column_breakpoint\":\"m\",\"css\":\".uk-accordion,\\n.uk-accordion li,\\n.uk-accordion-title,\\n.uk-accordion-content {\\n    color: #ffffff !important;\\n}\",\"image_align\":\"left\",\"image_grid_breakpoint\":\"s\",\"image_grid_width\":\"auto\",\"image_height\":\"100\",\"image_svg_color\":\"emphasis\",\"image_vertical_align\":true,\"image_width\":\"100\",\"link_style\":\"default\",\"link_text\":\"\",\"multiple\":false,\"show_image\":true,\"show_link\":true,\"text_align\":\"left\"}},{\"type\":\"text\",\"props\":{\"column_breakpoint\":\"m\",\"content\":\"\n\n<p>(I) Illes Balears a consultar.<br \/>(II) Illes Can\u00e0ries, Ceuta i Melilla no prestem serveis.<\/p>\n\n\",\"margin_bottom\":\"default\",\"margin_top\":\"default\",\"text_align\":\"left\",\"text_color\":\"emphasis\"}}]}]}],\"name\":\"Modalitat constructiva i preus\"},{\"type\":\"section\",\"props\":{\"image_position\":\"center-center\",\"padding_top\":\"none\",\"style\":\"default\",\"title_breakpoint\":\"xl\",\"title_position\":\"top-left\",\"title_rotation\":\"left\",\"vertical_align\":\"middle\",\"width\":\"default\"},\"children\":[{\"type\":\"row\",\"children\":[{\"type\":\"column\",\"props\":{\"image_position\":\"center-center\",\"position_sticky_breakpoint\":\"m\"},\"children\":[{\"type\":\"headline\",\"props\":{\"content\":\"Informaci\u00f3 <strong>important<\/strong>\",\"image_align\":\"left\",\"image_margin\":\"xsmall\",\"text_align\":\"center\",\"title_element\":\"h2\",\"title_style\":\"h2\"}},{\"type\":\"text\",\"props\":{\"block_align\":\"center\",\"column_breakpoint\":\"m\",\"content\":\"\n\n<p>El preu mostrat correspon \u00fanicament a la construcci\u00f3 de l\u2019habitatge.<br \/>Hi ha treballs addicionals (arquitectura, moviments de terres, escomeses, fonamentaci\u00f3 i llic\u00e8ncies municipals) que es valoren en funci\u00f3 de cada parcel\u00b7la.<\/p>\n\n\",\"margin_bottom\":\"default\",\"margin_top\":\"default\",\"maxwidth\":\"2xlarge\",\"text_align\":\"center\"}},{\"name\":\"Button Style Secondary\",\"type\":\"button\",\"children\":[{\"type\":\"button_item\",\"props\":{\"button_style\":\"secondary\",\"content\":\"Informaci\u00f3 sobre treballs addicionals\",\"dialog_layout\":\"modal\",\"dialog_offcanvas_flip\":true,\"icon\":\"info\",\"icon_align\":\"left\",\"link\":\"ca\/treballs-addicionals\/\",\"link_title\":\"Informaci\u00f3 sobre treballs addicionals\"}}],\"props\":{\"block_align\":\"center\",\"grid_column_gap\":\"small\",\"grid_row_gap\":\"small\",\"margin_bottom\":\"default\",\"margin_top\":\"default\",\"maxwidth\":\"large\",\"text_align\":\"center\"}}]}]}],\"name\":\"Informaci\u00f3 important\"}],\"version\":\"5.0.28\"} --><\/p>\n","protected":false},"excerpt":{"rendered":"<p>Detalls t\u00e8cnics Alexandra 90 156.800,00 \u20ac + IVA 1.742,22 \u20ac \/ m\u00b2 *Preu acabats parcials sense IVA establert per a un radi de 50 km de Barcelona. La casa modular Alexandra s&#8217;ha dissenyat per aprofitar cada rac\u00f3, no es perd espai als passadissos. Est\u00e0 distribu\u00efda en una sola planta, amb 3 habitacions i 2 banys. [&hellip;]<\/p>\n","protected":false},"author":1,"featured_media":0,"parent":0,"menu_order":0,"comment_status":"closed","ping_status":"closed","template":"","meta":{"footnotes":""},"class_list":["post-6049","page","type-page","status-publish","hentry"],"_links":{"self":[{"href":"https:\/\/amprefabricadas.com\/ca\/wp-json\/wp\/v2\/pages\/6049","targetHints":{"allow":["GET"]}}],"collection":[{"href":"https:\/\/amprefabricadas.com\/ca\/wp-json\/wp\/v2\/pages"}],"about":[{"href":"https:\/\/amprefabricadas.com\/ca\/wp-json\/wp\/v2\/types\/page"}],"author":[{"embeddable":true,"href":"https:\/\/amprefabricadas.com\/ca\/wp-json\/wp\/v2\/users\/1"}],"replies":[{"embeddable":true,"href":"https:\/\/amprefabricadas.com\/ca\/wp-json\/wp\/v2\/comments?post=6049"}],"version-history":[{"count":9,"href":"https:\/\/amprefabricadas.com\/ca\/wp-json\/wp\/v2\/pages\/6049\/revisions"}],"predecessor-version":[{"id":10225,"href":"https:\/\/amprefabricadas.com\/ca\/wp-json\/wp\/v2\/pages\/6049\/revisions\/10225"}],"wp:attachment":[{"href":"https:\/\/amprefabricadas.com\/ca\/wp-json\/wp\/v2\/media?parent=6049"}],"curies":[{"name":"wp","href":"https:\/\/api.w.org\/{rel}","templated":true}]}}