{"id":5780,"date":"2024-12-17T23:53:11","date_gmt":"2024-12-17T22:53:11","guid":{"rendered":"https:\/?page_id=5780"},"modified":"2026-02-06T13:12:57","modified_gmt":"2026-02-06T12:12:57","slug":"politica-de-cookies","status":"publish","type":"page","link":"https:\/\/amprefabricadas.com\/ca\/politica-de-cookies\/","title":{"rendered":"Pol\u00edtica de cookies"},"content":{"rendered":"<h1>Pol\u00edtica de cookies<\/h1>\n<div>\n<p><strong>1- Aspectes legals:<\/strong><\/p>\n<\/div>\n<div>\n<p>En compliment del que s&#8217;estableix a la Llei 34\/2002, d&#8217;11 de juliol, de Serveis de la Societat de la Informaci\u00f3 i el Comer\u00e7 Electr\u00f2nic (LSSICE), s&#8217;informa dels aspectes legals seg\u00fcents:<\/p>\n<p><strong>TITULAR:<\/strong> ALEXANDRA PA\u00d1OS ALCAL\u00c1<\/p>\n<p><strong>DNI:<\/strong> 47790052P<\/p>\n<p><strong>NOM COMERCIAL:<\/strong> AM PREFABRICADAS<\/p>\n<p><strong>ADRE\u00c7A:<\/strong> C\/ Perdiu, 3, Oficina 2 &#8211; 08480 L&#8217;Ametlla del Vall\u00e8s (Barcelona)<\/p>\n<p><strong>CONTACTE:<\/strong> <a href=\"tel:+34930485120\">+34 930 485 120<\/a><\/p>\n<p><strong>EMAIL:<\/strong> <a href=\"mailto:info@amprefabricadas.com\">info@amprefabricadas.com<\/a><\/p>\n<p><strong>P\u00c0GINA WEB OFICIAL: <\/strong><a href=\"https:\/\/amprefabricadas.com\/ca\/\">https:\/\/amprefabricadas.com\/ca\/<\/a><\/p>\n<\/div>\n<div>\n<p><strong>2- Informaci\u00f3 i terminologies:<\/strong><\/p>\n<\/div>\n<div>\n<p>Les cookies s\u00f3n arxius petits que les p\u00e0gines web, botigues en l\u00ednia, intranets, plataformes en l\u00ednia o similars, s&#8217;emmagatzemen al navegador de l&#8217;usuari que les visita i resulten necessaris per aportar a la navegaci\u00f3 web innombrables avantatges en la prestaci\u00f3 de serveis interactius. La informaci\u00f3 seg\u00fcent dels tipus possibles de cookies ajuda a comprendre millor les funcions que compleixen.<\/p>\n<p><strong>Cookies de sessi\u00f3:<\/strong><\/p>\n<p>S\u00f3n galetes temporals que romanen a l&#8217;espai de galetes del seu equip fins que tanca el navegador, de manera que cap queda registrada al disc de l&#8217;usuari. La informaci\u00f3 obtinguda per mitj\u00e0 d&#8217;aquestes galetes serveix per fer possible la gesti\u00f3 operativa amb cadascun dels usuaris que est\u00e0 accedint de manera simult\u00e0nia a la web.<\/p>\n<p><strong>Cookies persistents:<\/strong><\/p>\n<p>S\u00f3n cookies que romanen emmagatzemades a l&#8217;espai de cookies del seu equip una vegada tancat el navegador, i que quan la propera vegada que es torni a consultar la p\u00e0gina web recordar\u00e0 informaci\u00f3 que faciliti la navegaci\u00f3 (accedir directament al servei sense necessitat de fer el proc\u00e9s de connexi\u00f3) o la prestaci\u00f3 d&#8217;un servei comercial (oferir aquells productes o serveis relacionats amb visites anteriors).<\/p>\n<p>Les cookies intercanviades en navegar per una p\u00e0gina web poden ser galetes d&#8217;origen o pr\u00f2pies i de tercers.<\/p>\n<p><strong>Cookies d&#8217;origen o pr\u00f2pies:<\/strong><\/p>\n<p>S\u00f3n cookies generades per la mateixa p\u00e0gina web que s&#8217;est\u00e0 visitant.<\/p>\n<p><strong>Cookies de tercers:<\/strong><\/p>\n<p>S\u00f3n galetes que es reben en navegar per aquesta p\u00e0gina web, per\u00f2 que han estat generades per un tercer servei que s&#8217;hi troba allotjat. Un exemple pot ser la galeta utilitzada per a un anunci o b\u00e0ner de publicitat que es troba a la p\u00e0gina web que visitem.<\/p>\n<p>Un altre pot ser la galeta utilitzada per un comptador de visitants contractat per la p\u00e0gina web que visitem. Les cookies poden ser utilitzades per a finalitats t\u00e8cniques, personalitzaci\u00f3, an\u00e0lisi o rendiment, publicitat i publicitat comportamental.<\/p>\n<p><strong>Finalitats t\u00e8cniques:<\/strong><\/p>\n<p>S\u00f3n les trucades tamb\u00e9 \u00abestrictament necess\u00e0ries\u00bb. Permeten a l&#8217;usuari la navegaci\u00f3 a trav\u00e9s d&#8217;una p\u00e0gina web, plataforma o aplicaci\u00f3 i la utilitzaci\u00f3 de les diferents opcions o serveis que hi hagi com, per exemple, controlar el tr\u00e0nsit i la comunicaci\u00f3 de dades, identificar la sessi\u00f3, accedir a parts d&#8217;acc\u00e9s restringit, recordar els elements que integren una comanda, fer el proc\u00e9s de compra d&#8217;una comanda, fer la sol\u00b7licitud d&#8217;inscripci\u00f3 o participaci\u00f3 en un esdeveniment, utilitzar elements de seguretat durant la navegaci\u00f3, emmagatzemar continguts per a la difusi\u00f3 de v\u00eddeos o so o compartir continguts a trav\u00e9s de xarxes socials.<\/p>\n<p><strong>Personalitzaci\u00f3:<\/strong><\/p>\n<p>Fan possible que cada usuari pugui configurar aspectes com el llenguatge en qu\u00e8 voleu veure la p\u00e0gina web, formats de visualitzaci\u00f3, etc.<\/p>\n<p><strong>An\u00e0lisi o rendiment:<\/strong><\/p>\n<p>Permeten mesurar el nombre de visites i criteris de navegaci\u00f3 de diferents \u00e0rees de la web, aplicaci\u00f3 o plataforma i ens permet elaborar perfils de navegaci\u00f3 dels usuaris d&#8217;aquests llocs, aplicacions i plataformes, per introduir millores en funci\u00f3 de l&#8217;an\u00e0lisi de les dades d&#8217;\u00fas recollides que fan els usuaris del servei.<\/p>\n<p><strong>Publicitat:<\/strong><\/p>\n<p>Permeten implementar par\u00e0metres d&#8217;efici\u00e8ncia a la publicitat oferta a les p\u00e0gines web.<\/p>\n<p><strong>Publicitat comportamental:<\/strong><\/p>\n<p>Permeten implementar par\u00e0metres d&#8217;efici\u00e8ncia en la publicitat oferta a les p\u00e0gines web, basats en informaci\u00f3 sobre el comportament dels usuaris obtingut a trav\u00e9s de l&#8217;observaci\u00f3 continuada dels seus h\u00e0bits de navegaci\u00f3, cosa que permet desenvolupar un perfil espec\u00edfic per mostrar publicitat en funci\u00f3 del mateix.<\/p>\n<\/div>\n<div>\n<p><strong>3- Detall de cookies utilitzades:<\/strong><\/p>\n<\/div>\n<div>\n<p>El lloc web d&#8217;<strong>AM PREFABRICADAS<\/strong> utilitza cookies per al correcte funcionament i visualitzaci\u00f3 dels llocs web per part de l&#8217;usuari, aix\u00ed com la recollida d&#8217;estad\u00edstiques.<\/p>\n<p><strong>Idioma:<\/strong> Per desar l&#8217;idioma seleccionat per l&#8217;usuari.<\/p>\n<p><strong>Acceptaci\u00f3 de cookies:<\/strong> Per recordar que s&#8217;ha acceptat l&#8217;\u00fas de galetes.<\/p>\n<p><strong>Sessi\u00f3:<\/strong> Guarda la darrera data de connexi\u00f3 a la web.<\/p>\n<p>Cap d&#8217;elles no guarda cap tipus de dades de l&#8217;usuari.<\/p>\n<\/div>\n<div>\n<p><strong>4- Serveis de tercers:<\/strong><\/p>\n<\/div>\n<div>\n<p>Addicionalment, <strong>AM PREFABRICADAS<\/strong> t\u00e9 pres\u00e8ncia en portals i serveis de tercers per als quals, si voleu con\u00e8ixer les condicions de privadesa i \u00fas de cookies, cal consultar les pol\u00edtiques proporcionades pels mateixos:<\/p>\n<p><strong>Facebook:<\/strong> <a href=\"https:\/\/es-es.facebook.com\/help\/cookies\/\" target=\"_blank\" rel=\"noopener\">https:\/\/es-es.facebook.com\/help\/cookies\/<\/a><\/p>\n<p><strong>X Twitter:<\/strong> <a href=\"https:\/\/x.com\/es\/privacy\/\">https:\/\/x.com\/es\/privacy\/<\/a><\/p>\n<p><strong>YouTube:<\/strong> <a href=\"https:\/\/www.google.es\/intl\/es\/policies\/technologies\/cookies\/\" target=\"_blank\" rel=\"noopener\">https:\/\/www.google.es\/intl\/es\/policies\/technologies\/cookies\/<\/a><\/p>\n<p><strong>LinkedIn:<\/strong> <a href=\"http:\/\/www.linkedin.com\/legal\/privacy-policy\/\" target=\"_blank\" rel=\"noopener\">http:\/\/www.linkedin.com\/legal\/privacy-policy\/<\/a><\/p>\n<p><strong>Google+:<\/strong> <a href=\"https:\/\/www.google.es\/intl\/es\/policies\/technologies\/cookies\/\" target=\"_blank\" rel=\"noopener\">https:\/\/www.google.es\/intl\/es\/policies\/technologies\/cookies\/<\/a><\/p>\n<p><strong>Instagram:<\/strong> <a href=\"https:\/\/privacycenter.instagram.com\/policies\/cookies\/\" target=\"_blank\" rel=\"noopener\">https:\/\/privacycenter.instagram.com\/policies\/cookies\/<\/a><\/p>\n<p><strong>TikTok:<\/strong> <a href=\"https:\/\/www.tiktok.com\/legal\/page\/global\/cookie-policy\/es\/\" target=\"_blank\" rel=\"noopener\">https:\/\/www.tiktok.com\/legal\/page\/global\/cookie-policy\/es\/<\/a><\/p>\n<\/div>\n<div>\n<p><strong>5- Acceptaci\u00f3 de la pol\u00edtica de cookies:<\/strong><\/p>\n<\/div>\n<div>\n<p><strong>AM PREFABRICADAS<\/strong> mostra la informaci\u00f3 sobre la seva Pol\u00edtica de cookies a la part inferior de la p\u00e0gina inicial del lloc web amb cada inici de sessi\u00f3 amb l&#8217;objectiu que vost\u00e8 sigui conscient.<\/p>\n<p>Davant aquesta informaci\u00f3 \u00e9s possible dur a terme les accions seg\u00fcents:<\/p>\n<p><strong>Acceptar les cookies:<\/strong> No es tornar\u00e0 a visualitzar aquest av\u00eds en accedir a qualsevol p\u00e0gina del portal durant aquesta sessi\u00f3.<\/p>\n<p><strong>Modificar la configuraci\u00f3:<\/strong> M\u00e9s endavant us donem informaci\u00f3 sobre com modificar la configuraci\u00f3 del vostre navegador per restringir o bloquejar les cookies en qualsevol moment. En el cas de restringir o bloquejar les galetes podeu veure redu\u00efdes les funcionalitats de la p\u00e0gina web.<\/p>\n<p><strong>Continuar navegant o moure&#8217;s per la barra de despla\u00e7ament:<\/strong> En aquest cas s&#8217;anir\u00e0 sol\u00b7licitant el consentiment.<\/p>\n<\/div>\n<div>\n<p><strong>6- Com modificar la configuraci\u00f3 de les cookies:<\/strong><\/p>\n<\/div>\n<div>\n<p>Vost\u00e8 pot restringir, bloquejar o esborrar les galetes d&#8217;<strong>AM PREFABRICADAS<\/strong> o qualsevol altra p\u00e0gina web, utilitzant el seu navegador. A cada navegador l&#8217;operativa \u00e9s diferent, la funci\u00f3 \u00ab<em><strong>d&#8217;ajuda\u00bb<\/strong><\/em>\u00a0us mostrar\u00e0 com fer-ho:<\/p>\n<p><strong>Google Chrome:<\/strong> <a href=\"https:\/\/support.google.com\/chrome\/answer\/95647?hl=ca\/\" target=\"_blank\" rel=\"noopener\">https:\/\/support.google.com\/chrome\/answer\/95647?hl=ca\/<\/a><\/p>\n<p><strong>Internet Explorer:<\/strong> <a href=\"http:\/\/windows.microsoft.com\/es-es\/windows-vista\/cookies-frequently-asked-questions\/\" target=\"_blank\" rel=\"noopener\">http:\/\/windows.microsoft.com\/es-es\/windows-vista\/cookies-frequently-asked-questions\/<\/a><\/p>\n<p><strong>Mozilla Firefox:<\/strong> <a href=\"http:\/\/support.mozilla.org\/ca\/kb\/habilitar-y-deshabilitar-cookies-que-los-sitios-we\/\" target=\"_blank\" rel=\"noopener\">http:\/\/support.mozilla.org\/ca\/kb\/habilitar-y-deshabilitar-cookies-que-los-sitios-we\/<\/a><\/p>\n<p><strong>Safari:<\/strong> <a href=\"http:\/\/www.apple.com\/es\/privacy\/use-of-cookies\/\" target=\"_blank\" rel=\"noopener\">http:\/\/www.apple.com\/es\/privacy\/use-of-cookies\/<\/a><\/p>\n<p><strong>Opera:<\/strong> <a href=\"http:\/\/help.opera.com\/Windows\/11.50\/ca-ES\/cookies.html\/\" target=\"_blank\" rel=\"noopener\">http:\/\/help.opera.com\/Windows\/11.50\/ca-ES\/cookies.html\/<\/a><\/p>\n<p><strong>Safari:<\/strong> <a href=\"https:\/\/www.apple.com\/legal\/privacy\/es\/cookies\/\" target=\"_blank\" rel=\"noopener\">https:\/\/www.apple.com\/legal\/privacy\/es\/cookies\/<\/a><\/p>\n<p><strong>Si voleu deixar de ser seguit per Google Analytics, visiteu:<\/strong> <a href=\"http:\/\/tools.google.com\/dlpage\/gaoptout\/\" target=\"_blank\" rel=\"noopener\">http:\/\/tools.google.com\/dlpage\/gaoptout\/<\/a><\/p>\n<p>A m\u00e9s, tamb\u00e9 podeu gestionar el magatzem de cookies al vostre navegador a trav\u00e9s d&#8217;eines com les seg\u00fcents:<\/p>\n<p><strong>Ghostery:<\/strong> https:\/\/www.ghostery.com\/<\/p>\n<p><strong>Your online choices:<\/strong> http:\/\/www.youronlinechoices.com\/es\/<\/p>\n<\/div>\n<div>\n<p><strong>7- Actualitzacions i canvis en la pol\u00edtica de cookies:<\/strong><\/p>\n<\/div>\n<div>\n<p><strong>AM PREFABRICADAS<\/strong><a href=\"https:\"><strong><\/strong><\/a> pot modificar aquesta Pol\u00edtica de Cookies en funci\u00f3 d&#8217;exig\u00e8ncies legislatives, reglament\u00e0ries, o amb la finalitat d&#8217;adaptar aquesta pol\u00edtica a les instruccions dictades per l&#8217;Ag\u00e8ncia Espanyola de Protecci\u00f3 de Dades, per aix\u00f2 s&#8217;aconsella als usuaris que la visitin peri\u00f2dicament. Quan es produeixin canvis significatius en aquesta Pol\u00edtica de Cookies, aquests es comunicaran als usuaris mitjan\u00e7ant el web.<\/p>\n<\/div>\n<p><!--more--><br \/>\n<!-- {\"type\":\"layout\",\"children\":[{\"type\":\"section\",\"props\":{\"image_position\":\"center-center\",\"style\":\"default\",\"title_breakpoint\":\"xl\",\"title_position\":\"top-left\",\"title_rotation\":\"left\",\"vertical_align\":\"middle\",\"width\":\"default\"},\"children\":[{\"type\":\"row\",\"children\":[{\"type\":\"column\",\"props\":{\"image_position\":\"center-center\",\"position_sticky_breakpoint\":\"m\"},\"children\":[{\"type\":\"headline\",\"props\":{\"content\":\"Pol\u00edtica de cookies\",\"image_align\":\"left\",\"image_margin\":\"xsmall\",\"text_align\":\"center\",\"title_element\":\"h1\",\"title_style\":\"h2\"}},{\"type\":\"text\",\"props\":{\"column_breakpoint\":\"m\",\"content\":\"\n\n<p><strong>1- Aspectes legals:<\/strong><\/p>\n\n\",\"margin_bottom\":\"default\",\"margin_top\":\"default\",\"text_style\":\"lead\"}},{\"type\":\"text\",\"props\":{\"column_breakpoint\":\"m\",\"content\":\"\n\n<p>En compliment del que s'estableix a la Llei 34\/2002, d'11 de juliol, de Serveis de la Societat de la Informaci\u00f3 i el Comer\u00e7 Electr\u00f2nic (LSSICE), s'informa dels aspectes legals seg\u00fcents:<\/p>\n\n\\n\n\n<p><strong>TITULAR:<\/strong> ALEXANDRA PA\u00d1OS ALCAL\u00c1<\/p>\n\n\\n\n\n<p><strong>DNI:<\/strong> 47790052P<\/p>\n\n\\n\n\n<p><strong>NOM COMERCIAL:<\/strong> AM PREFABRICADAS<\/p>\n\n\\n\n\n<p><strong>ADRE\u00c7A:<\/strong> C\/ Perdiu, 3, Oficina 2 - 08480 L'Ametlla del Vall\u00e8s (Barcelona)<\/p>\n\n\\n\n\n<p><strong>CONTACTE:<\/strong> <a href=\\\"tel:+34930485120\\\">+34 930 485 120<\/a><\/p>\n\n\\n\n\n<p><strong>EMAIL:<\/strong> <a href=\\\"mailto:info@amprefabricadas.com\\\">info@amprefabricadas.com<\/a><\/p>\n\n\\n\n\n<p><strong>P\u00c0GINA WEB OFICIAL: <\/strong><a href=\\\"https:\/\/amprefabricadas.com\/ca\/\\\">https:\/\/amprefabricadas.com\/ca\/<\/a><\/p>\n\n\",\"margin_bottom\":\"default\",\"margin_top\":\"default\"}}]}]},{\"type\":\"row\",\"children\":[{\"type\":\"column\",\"props\":{\"image_position\":\"center-center\",\"position_sticky_breakpoint\":\"m\"},\"children\":[{\"type\":\"text\",\"props\":{\"column_breakpoint\":\"m\",\"content\":\"\n\n<p><strong>2- Informaci\u00f3 i terminologies:<\/strong><\/p>\n\n\",\"margin_bottom\":\"default\",\"margin_top\":\"default\",\"text_style\":\"lead\"}},{\"type\":\"text\",\"props\":{\"column_breakpoint\":\"m\",\"content\":\"\n\n<p>Les cookies s\u00f3n arxius petits que les p\u00e0gines web, botigues en l\u00ednia, intranets, plataformes en l\u00ednia o similars, s'emmagatzemen al navegador de l'usuari que les visita i resulten necessaris per aportar a la navegaci\u00f3 web innombrables avantatges en la prestaci\u00f3 de serveis interactius. La informaci\u00f3 seg\u00fcent dels tipus possibles de cookies ajuda a comprendre millor les funcions que compleixen.<\/p>\n\n\\n\n\n<p><strong>Cookies de sessi\u00f3:<\/strong><\/p>\n\n\\n\n\n<p>S\u00f3n galetes temporals que romanen a l'espai de galetes del seu equip fins que tanca el navegador, de manera que cap queda registrada al disc de l'usuari. La informaci\u00f3 obtinguda per mitj\u00e0 d'aquestes galetes serveix per fer possible la gesti\u00f3 operativa amb cadascun dels usuaris que est\u00e0 accedint de manera simult\u00e0nia a la web.<\/p>\n\n\\n\n\n<p><strong>Cookies persistents:<\/strong><\/p>\n\n\\n\n\n<p>S\u00f3n cookies que romanen emmagatzemades a l'espai de cookies del seu equip una vegada tancat el navegador, i que quan la propera vegada que es torni a consultar la p\u00e0gina web recordar\u00e0 informaci\u00f3 que faciliti la navegaci\u00f3 (accedir directament al servei sense necessitat de fer el proc\u00e9s de connexi\u00f3) o la prestaci\u00f3 d'un servei comercial (oferir aquells productes o serveis relacionats amb visites anteriors).<\/p>\n\n\\n\n\n<p>Les cookies intercanviades en navegar per una p\u00e0gina web poden ser galetes d'origen o pr\u00f2pies i de tercers.<\/p>\n\n\\n\n\n<p><strong>Cookies d'origen o pr\u00f2pies:<\/strong><\/p>\n\n\\n\n\n<p>S\u00f3n cookies generades per la mateixa p\u00e0gina web que s'est\u00e0 visitant.<\/p>\n\n\\n\n\n<p><strong>Cookies de tercers:<\/strong><\/p>\n\n\\n\n\n<p>S\u00f3n galetes que es reben en navegar per aquesta p\u00e0gina web, per\u00f2 que han estat generades per un tercer servei que s'hi troba allotjat. Un exemple pot ser la galeta utilitzada per a un anunci o b\u00e0ner de publicitat que es troba a la p\u00e0gina web que visitem.<\/p>\n\n\\n\n\n<p>Un altre pot ser la galeta utilitzada per un comptador de visitants contractat per la p\u00e0gina web que visitem. Les cookies poden ser utilitzades per a finalitats t\u00e8cniques, personalitzaci\u00f3, an\u00e0lisi o rendiment, publicitat i publicitat comportamental.<\/p>\n\n\\n\n\n<p><strong>Finalitats t\u00e8cniques:<\/strong><\/p>\n\n\\n\n\n<p>S\u00f3n les trucades tamb\u00e9 \u00abestrictament necess\u00e0ries\u00bb. Permeten a l'usuari la navegaci\u00f3 a trav\u00e9s d'una p\u00e0gina web, plataforma o aplicaci\u00f3 i la utilitzaci\u00f3 de les diferents opcions o serveis que hi hagi com, per exemple, controlar el tr\u00e0nsit i la comunicaci\u00f3 de dades, identificar la sessi\u00f3, accedir a parts d'acc\u00e9s restringit, recordar els elements que integren una comanda, fer el proc\u00e9s de compra d'una comanda, fer la sol\u00b7licitud d'inscripci\u00f3 o participaci\u00f3 en un esdeveniment, utilitzar elements de seguretat durant la navegaci\u00f3, emmagatzemar continguts per a la difusi\u00f3 de v\u00eddeos o so o compartir continguts a trav\u00e9s de xarxes socials.<\/p>\n\n\\n\n\n<p><strong>Personalitzaci\u00f3:<\/strong><\/p>\n\n\\n\n\n<p>Fan possible que cada usuari pugui configurar aspectes com el llenguatge en qu\u00e8 voleu veure la p\u00e0gina web, formats de visualitzaci\u00f3, etc.<\/p>\n\n\\n\n\n<p><strong>An\u00e0lisi o rendiment:<\/strong><\/p>\n\n\\n\n\n<p>Permeten mesurar el nombre de visites i criteris de navegaci\u00f3 de diferents \u00e0rees de la web, aplicaci\u00f3 o plataforma i ens permet elaborar perfils de navegaci\u00f3 dels usuaris d'aquests llocs, aplicacions i plataformes, per introduir millores en funci\u00f3 de l'an\u00e0lisi de les dades d'\u00fas recollides que fan els usuaris del servei.<\/p>\n\n\\n\n\n<p><strong>Publicitat:<\/strong><\/p>\n\n\\n\n\n<p>Permeten implementar par\u00e0metres d'efici\u00e8ncia a la publicitat oferta a les p\u00e0gines web.<\/p>\n\n\\n\n\n<p><strong>Publicitat comportamental:<\/strong><\/p>\n\n\\n\n\n<p>Permeten implementar par\u00e0metres d'efici\u00e8ncia en la publicitat oferta a les p\u00e0gines web, basats en informaci\u00f3 sobre el comportament dels usuaris obtingut a trav\u00e9s de l'observaci\u00f3 continuada dels seus h\u00e0bits de navegaci\u00f3, cosa que permet desenvolupar un perfil espec\u00edfic per mostrar publicitat en funci\u00f3 del mateix.<\/p>\n\n\",\"margin_bottom\":\"default\",\"margin_top\":\"default\"}}]}]},{\"type\":\"row\",\"children\":[{\"type\":\"column\",\"props\":{\"image_position\":\"center-center\",\"position_sticky_breakpoint\":\"m\"},\"children\":[{\"type\":\"text\",\"props\":{\"column_breakpoint\":\"m\",\"content\":\"\n\n<p><strong>3- Detall de cookies utilitzades:<\/strong><\/p>\n\n\",\"margin_bottom\":\"default\",\"margin_top\":\"default\",\"text_style\":\"lead\"}},{\"type\":\"text\",\"props\":{\"column_breakpoint\":\"m\",\"content\":\"\n\n<p>El lloc web d'<strong>AM PREFABRICADAS<\/strong> utilitza cookies per al correcte funcionament i visualitzaci\u00f3 dels llocs web per part de l'usuari, aix\u00ed com la recollida d'estad\u00edstiques.<\/p>\n\n\\n\n\n<p><strong>Idioma:<\/strong> Per desar l'idioma seleccionat per l'usuari.<\/p>\n\n\\n\n\n<p><strong>Acceptaci\u00f3 de cookies:<\/strong> Per recordar que s'ha acceptat l'\u00fas de galetes.<\/p>\n\n\\n\n\n<p><strong>Sessi\u00f3:<\/strong> Guarda la darrera data de connexi\u00f3 a la web.<\/p>\n\n\\n\n\n<p>Cap d'elles no guarda cap tipus de dades de l'usuari.<\/p>\n\n\",\"margin_bottom\":\"default\",\"margin_top\":\"default\"}}]}]},{\"type\":\"row\",\"children\":[{\"type\":\"column\",\"props\":{\"image_position\":\"center-center\",\"position_sticky_breakpoint\":\"m\"},\"children\":[{\"type\":\"text\",\"props\":{\"column_breakpoint\":\"m\",\"content\":\"\n\n<p><strong>4- Serveis de tercers:<\/strong><\/p>\n\n\",\"margin_bottom\":\"default\",\"margin_top\":\"default\",\"text_style\":\"lead\"}},{\"type\":\"text\",\"props\":{\"column_breakpoint\":\"m\",\"content\":\"\n\n<p>Addicionalment, <strong>AM PREFABRICADAS<\/strong> t\u00e9 pres\u00e8ncia en portals i serveis de tercers per als quals, si voleu con\u00e8ixer les condicions de privadesa i \u00fas de cookies, cal consultar les pol\u00edtiques proporcionades pels mateixos:<\/p>\n\n\\n\n\n<p><strong>Facebook:<\/strong> <a href=\\\"https:\/\/es-es.facebook.com\/help\/cookies\/\\\">https:\/\/es-es.facebook.com\/help\/cookies\/<\/a><\/p>\n\n\\n\n\n<p><strong>X Twitter:<\/strong> <a href=\\\"https:\/\/x.com\/es\/privacy\/\\\">https:\/\/x.com\/es\/privacy\/<\/a><\/p>\n\n\\n\n\n<p><strong>YouTube:<\/strong> <a href=\\\"https:\/\/www.google.es\/intl\/es\/policies\/technologies\/cookies\/\\\">https:\/\/www.google.es\/intl\/es\/policies\/technologies\/cookies\/<\/a><\/p>\n\n\\n\n\n<p><strong>LinkedIn:<\/strong> <a href=\\\"http:\/\/www.linkedin.com\/legal\/privacy-policy\/\\\">http:\/\/www.linkedin.com\/legal\/privacy-policy\/<\/a><\/p>\n\n\\n\n\n<p><strong>Google+:<\/strong> <a href=\\\"https:\/\/www.google.es\/intl\/es\/policies\/technologies\/cookies\/\\\">https:\/\/www.google.es\/intl\/es\/policies\/technologies\/cookies\/<\/a><\/p>\n\n\\n\n\n<p><strong>Instagram:<\/strong> <a href=\\\"https:\/\/privacycenter.instagram.com\/policies\/cookies\/\\\">https:\/\/privacycenter.instagram.com\/policies\/cookies\/<\/a><\/p>\n\n\\n\n\n<p><strong>TikTok:<\/strong> <a href=\\\"https:\/\/www.tiktok.com\/legal\/page\/global\/cookie-policy\/es\/\\\">https:\/\/www.tiktok.com\/legal\/page\/global\/cookie-policy\/es\/<\/a><\/p>\n\n\",\"margin_bottom\":\"default\",\"margin_top\":\"default\"}}]}]},{\"type\":\"row\",\"children\":[{\"type\":\"column\",\"props\":{\"image_position\":\"center-center\",\"position_sticky_breakpoint\":\"m\"},\"children\":[{\"type\":\"text\",\"props\":{\"column_breakpoint\":\"m\",\"content\":\"\n\n<p><strong>5- Acceptaci\u00f3 de la pol\u00edtica de cookies:<\/strong><\/p>\n\n\",\"margin_bottom\":\"default\",\"margin_top\":\"default\",\"text_style\":\"lead\"}},{\"type\":\"text\",\"props\":{\"column_breakpoint\":\"m\",\"content\":\"\n\n<p><strong>AM PREFABRICADAS<\/strong> mostra la informaci\u00f3 sobre la seva Pol\u00edtica de cookies a la part inferior de la p\u00e0gina inicial del lloc web amb cada inici de sessi\u00f3 amb l'objectiu que vost\u00e8 sigui conscient.<\/p>\n\n\\n\n\n<p>Davant aquesta informaci\u00f3 \u00e9s possible dur a terme les accions seg\u00fcents:<\/p>\n\n\\n\n\n<p><strong>Acceptar les cookies:<\/strong> No es tornar\u00e0 a visualitzar aquest av\u00eds en accedir a qualsevol p\u00e0gina del portal durant aquesta sessi\u00f3.<\/p>\n\n\\n\n\n<p><strong>Modificar la configuraci\u00f3:<\/strong> M\u00e9s endavant us donem informaci\u00f3 sobre com modificar la configuraci\u00f3 del vostre navegador per restringir o bloquejar les cookies en qualsevol moment. En el cas de restringir o bloquejar les galetes podeu veure redu\u00efdes les funcionalitats de la p\u00e0gina web.<\/p>\n\n\\n\n\n<p><strong>Continuar navegant o moure's per la barra de despla\u00e7ament:<\/strong> En aquest cas s'anir\u00e0 sol\u00b7licitant el consentiment.<\/p>\n\n\",\"margin_bottom\":\"default\",\"margin_top\":\"default\"}}]}]},{\"type\":\"row\",\"children\":[{\"type\":\"column\",\"props\":{\"image_position\":\"center-center\",\"position_sticky_breakpoint\":\"m\"},\"children\":[{\"type\":\"text\",\"props\":{\"column_breakpoint\":\"m\",\"content\":\"\n\n<p><strong>6- Com modificar la configuraci\u00f3 de les cookies:<\/strong><\/p>\n\n\",\"margin_bottom\":\"default\",\"margin_top\":\"default\",\"text_style\":\"lead\"}},{\"type\":\"text\",\"props\":{\"column_breakpoint\":\"m\",\"content\":\"\n\n<p>Vost\u00e8 pot restringir, bloquejar o esborrar les galetes d'<strong>AM PREFABRICADAS<\/strong> o qualsevol altra p\u00e0gina web, utilitzant el seu navegador. A cada navegador l'operativa \u00e9s diferent, la funci\u00f3 \u00ab<em><strong>d'ajuda\u00bb<\/strong><\/em>\u00a0us mostrar\u00e0 com fer-ho:<\/p>\n\n\\n\n\n<p><strong>Google Chrome:<\/strong> <a href=\\\"https:\/\/support.google.com\/chrome\/answer\/95647?hl=ca\/\\\">https:\/\/support.google.com\/chrome\/answer\/95647?hl=ca\/<\/a><\/p>\n\n\\n\n\n<p><strong>Internet Explorer:<\/strong> <a href=\\\"http:\/\/windows.microsoft.com\/es-es\/windows-vista\/cookies-frequently-asked-questions\/\\\">http:\/\/windows.microsoft.com\/es-es\/windows-vista\/cookies-frequently-asked-questions\/<\/a><\/p>\n\n\\n\n\n<p><strong>Mozilla Firefox:<\/strong> <a href=\\\"http:\/\/support.mozilla.org\/ca\/kb\/habilitar-y-deshabilitar-cookies-que-los-sitios-we\/\\\">http:\/\/support.mozilla.org\/ca\/kb\/habilitar-y-deshabilitar-cookies-que-los-sitios-we\/<\/a><\/p>\n\n\\n\n\n<p><strong>Safari:<\/strong> <a href=\\\"http:\/\/www.apple.com\/es\/privacy\/use-of-cookies\/\\\">http:\/\/www.apple.com\/es\/privacy\/use-of-cookies\/<\/a><\/p>\n\n\\n\n\n<p><strong>Opera:<\/strong> <a href=\\\"http:\/\/help.opera.com\/Windows\/11.50\/ca-ES\/cookies.html\/\\\">http:\/\/help.opera.com\/Windows\/11.50\/ca-ES\/cookies.html\/<\/a><\/p>\n\n\\n\n\n<p><strong>Safari:<\/strong> <a href=\\\"https:\/\/www.apple.com\/legal\/privacy\/es\/cookies\/\\\">https:\/\/www.apple.com\/legal\/privacy\/es\/cookies\/<\/a><\/p>\n\n\\n\n\n<p><strong>Si voleu deixar de ser seguit per Google Analytics, visiteu:<\/strong> <a href=\\\"http:\/\/tools.google.com\/dlpage\/gaoptout\/\\\">http:\/\/tools.google.com\/dlpage\/gaoptout\/<\/a><\/p>\n\n\\n\n\n<p>A m\u00e9s, tamb\u00e9 podeu gestionar el magatzem de cookies al vostre navegador a trav\u00e9s d'eines com les seg\u00fcents:<\/p>\n\n\\n\n\n<p><strong>Ghostery:<\/strong> https:\/\/www.ghostery.com\/<\/p>\n\n\\n\n\n<p><strong>Your online choices:<\/strong> http:\/\/www.youronlinechoices.com\/es\/<\/p>\n\n\",\"margin_bottom\":\"default\",\"margin_top\":\"default\"}}]}]},{\"type\":\"row\",\"children\":[{\"type\":\"column\",\"props\":{\"image_position\":\"center-center\",\"position_sticky_breakpoint\":\"m\"},\"children\":[{\"type\":\"text\",\"props\":{\"column_breakpoint\":\"m\",\"content\":\"\n\n<p><strong>7- Actualitzacions i canvis en la pol\u00edtica de cookies:<\/strong><\/p>\n\n\",\"margin_bottom\":\"default\",\"margin_top\":\"default\",\"text_style\":\"lead\"}},{\"type\":\"text\",\"props\":{\"column_breakpoint\":\"m\",\"content\":\"\n\n<p><strong>AM PREFABRICADAS<\/strong><a href=\\\"https:\\\"><strong><\/strong><\/a> pot modificar aquesta Pol\u00edtica de Cookies en funci\u00f3 d'exig\u00e8ncies legislatives, reglament\u00e0ries, o amb la finalitat d'adaptar aquesta pol\u00edtica a les instruccions dictades per l'Ag\u00e8ncia Espanyola de Protecci\u00f3 de Dades, per aix\u00f2 s'aconsella als usuaris que la visitin peri\u00f2dicament. Quan es produeixin canvis significatius en aquesta Pol\u00edtica de Cookies, aquests es comunicaran als usuaris mitjan\u00e7ant el web.<\/p>\n\n\",\"margin_bottom\":\"default\",\"margin_top\":\"default\"}}]}]}],\"name\":\"Contingut\"}],\"version\":\"5.0.10\"} --><\/p>\n","protected":false},"excerpt":{"rendered":"<p>Pol\u00edtica de cookies 1- Aspectes legals: En compliment del que s&#8217;estableix a la Llei 34\/2002, d&#8217;11 de juliol, de Serveis de la Societat de la Informaci\u00f3 i el Comer\u00e7 Electr\u00f2nic (LSSICE), s&#8217;informa dels aspectes legals seg\u00fcents: TITULAR: ALEXANDRA PA\u00d1OS ALCAL\u00c1 DNI: 47790052P NOM COMERCIAL: AM PREFABRICADAS ADRE\u00c7A: C\/ Perdiu, 3, Oficina 2 &#8211; 08480 L&#8217;Ametlla [&hellip;]<\/p>\n","protected":false},"author":1,"featured_media":0,"parent":0,"menu_order":0,"comment_status":"closed","ping_status":"closed","template":"","meta":{"footnotes":""},"class_list":["post-5780","page","type-page","status-publish","hentry"],"_links":{"self":[{"href":"https:\/\/amprefabricadas.com\/ca\/wp-json\/wp\/v2\/pages\/5780","targetHints":{"allow":["GET"]}}],"collection":[{"href":"https:\/\/amprefabricadas.com\/ca\/wp-json\/wp\/v2\/pages"}],"about":[{"href":"https:\/\/amprefabricadas.com\/ca\/wp-json\/wp\/v2\/types\/page"}],"author":[{"embeddable":true,"href":"https:\/\/amprefabricadas.com\/ca\/wp-json\/wp\/v2\/users\/1"}],"replies":[{"embeddable":true,"href":"https:\/\/amprefabricadas.com\/ca\/wp-json\/wp\/v2\/comments?post=5780"}],"version-history":[{"count":1,"href":"https:\/\/amprefabricadas.com\/ca\/wp-json\/wp\/v2\/pages\/5780\/revisions"}],"predecessor-version":[{"id":9004,"href":"https:\/\/amprefabricadas.com\/ca\/wp-json\/wp\/v2\/pages\/5780\/revisions\/9004"}],"wp:attachment":[{"href":"https:\/\/amprefabricadas.com\/ca\/wp-json\/wp\/v2\/media?parent=5780"}],"curies":[{"name":"wp","href":"https:\/\/api.w.org\/{rel}","templated":true}]}}